{"id":6667,"date":"2025-08-07T08:06:14","date_gmt":"2025-08-07T13:06:14","guid":{"rendered":"https:\/\/iai.int\/?page_id=6667"},"modified":"2025-08-07T08:06:16","modified_gmt":"2025-08-07T13:06:16","slug":"anna-stewart-ibarra","status":"publish","type":"page","link":"https:\/\/iai.int\/es\/estructura\/direccion-ejecutiva-del-iai\/anna-stewart-ibarra\/","title":{"rendered":"Anna Stewart Ibarra"},"content":{"rendered":"\n<div class=\"wp-block-columns is-layout-flex wp-container-core-columns-is-layout-28f84493 wp-block-columns-is-layout-flex\">\n<div class=\"wp-block-column is-layout-flow wp-block-column-is-layout-flow\" style=\"flex-basis:33.33%\">\n<figure class=\"wp-block-image size-large\"><img decoding=\"async\" src=\"https:\/\/iai.int\/administrador\/assets\/images\/ckfinder\/files\/Imagen%20de%20WhatsApp%202023-08-03%20a%20las%2013_50_15.jpg\" alt=\"\"\/><\/figure>\n<\/div>\n\n\n\n<div class=\"wp-block-column is-layout-flow wp-block-column-is-layout-flow\" style=\"flex-basis:66.66%\">\n<p>Anna Stewart-Ibarra es la directora ejecutiva del Instituto Interamericano para la Investigaci\u00f3n del Cambio Global (IAI). En este cargo, la Dra. Stewart Ibarra apoya a los estados miembro en sus esfuerzos para lograr el completo y abierto&nbsp;intercambio de informaci\u00f3n cient\u00edfica relevante al cambio global para una Am\u00e9rica sustentable.&nbsp;<\/p>\n\n\n\n<p>La Dra. Stewart-Ibarra es experta&nbsp;en clima y salud en Am\u00e9rica Latina y el Caribe. Anteriormente fue Directora del Programa de Investigaci\u00f3n de Am\u00e9rica Latina y el Caribe del Instituto de Salud Global y Ciencia Traslacional de la Universidad Estatal de Nueva York Upstate Medical University (SUNY UMU) de 2012 a 2019.<\/p>\n\n\n\n<p>La investigaci\u00f3n de la Dra. Stewart-Ibarra se ha centrado en comprender el clima, el medio ambiente y los impulsores sociales de las enfermedades transmitidas por vectores y otras dimensiones del bienestar humano en Am\u00e9rica Latina y el Caribe. Durante m\u00e1s de 14 a\u00f1os, ha colaborado con instituciones acad\u00e9micas y gubernamentales de la regi\u00f3n para realizar estudios socioecol\u00f3gicos, epidemiol\u00f3gicos y de modelizaci\u00f3n basados en la comunidad. Estos estudios han tenido como objetivo informar el desarrollo de servicios clim\u00e1ticos para el sector de la salud, intervenciones de salud comunitaria y nuevas herramientas de control de vectores.<\/p>\n\n\n\n<p>Los honores y becas incluyen Fulbright en Argentina (2018) y Ecuador (2010-2011), el Premio al L\u00edder de Pol\u00edticas P\u00fablicas Emergentes del Instituto Americano de Ciencias Biol\u00f3gicas (2009) y la Beca de Posgrado S.T.E.M. de la Fundaci\u00f3n Nacional de Ciencias (2007-2009).<\/p>\n\n\n\n<p>Recibi\u00f3 su doctorado en ecolog\u00eda de la Facultad de Ciencias Ambientales y Forestales de la Universidad Estatal de Nueva York (SUNY ESF) y una Maestr\u00eda en Administraci\u00f3n P\u00fablica de la Escuela Maxwell de Ciudadan\u00eda y Asuntos P\u00fablicos de la Universidad de Syracuse.<\/p>\n<\/div>\n<\/div>\n","protected":false},"excerpt":{"rendered":"<p>Anna Stewart-Ibarra es la directora ejecutiva del Instituto Interamericano para la Investigaci\u00f3n del Cambio Global (IAI). En este cargo, la Dra. Stewart Ibarra apoya a los estados miembro en sus esfuerzos para lograr el completo y abierto&nbsp;intercambio de informaci\u00f3n cient\u00edfica relevante al cambio global para una Am\u00e9rica sustentable.&nbsp; La Dra. Stewart-Ibarra es experta&nbsp;en clima y [&hellip;]<\/p>\n","protected":false},"author":1,"featured_media":0,"parent":6623,"menu_order":0,"comment_status":"closed","ping_status":"closed","template":"","meta":{"_acf_changed":false,"_uag_custom_page_level_css":"","footnotes":""},"class_list":["post-6667","page","type-page","status-publish","hentry"],"acf":[],"yoast_head":"<!-- This site is optimized with the Yoast SEO plugin v27.3 - https:\/\/yoast.com\/product\/yoast-seo-wordpress\/ -->\n<title>Anna Stewart Ibarra - IAI - Inter-American Institute for Global Change Research<\/title>\n<meta name=\"robots\" content=\"index, follow, max-snippet:-1, max-image-preview:large, max-video-preview:-1\" \/>\n<link rel=\"canonical\" href=\"https:\/\/iai.int\/es\/estructura\/direccion-ejecutiva-del-iai\/anna-stewart-ibarra\/\" \/>\n<meta property=\"og:locale\" content=\"es_ES\" \/>\n<meta property=\"og:type\" content=\"article\" \/>\n<meta property=\"og:title\" content=\"Anna Stewart Ibarra - IAI - Inter-American Institute for Global Change Research\" \/>\n<meta property=\"og:description\" content=\"Anna Stewart-Ibarra es la directora ejecutiva del Instituto Interamericano para la Investigaci\u00f3n del Cambio Global (IAI). En este cargo, la Dra. Stewart Ibarra apoya a los estados miembro en sus esfuerzos para lograr el completo y abierto&nbsp;intercambio de informaci\u00f3n cient\u00edfica relevante al cambio global para una Am\u00e9rica sustentable.&nbsp; La Dra. Stewart-Ibarra es experta&nbsp;en clima y [&hellip;]\" \/>\n<meta property=\"og:url\" content=\"https:\/\/iai.int\/es\/estructura\/direccion-ejecutiva-del-iai\/anna-stewart-ibarra\/\" \/>\n<meta property=\"og:site_name\" content=\"IAI - Inter-American Institute for Global Change Research\" \/>\n<meta property=\"article:modified_time\" content=\"2025-08-07T13:06:16+00:00\" \/>\n<meta property=\"og:image\" content=\"https:\/\/iai.int\/administrador\/assets\/images\/ckfinder\/files\/Imagen%20de%20WhatsApp%202023-08-03%20a%20las%2013_50_15.jpg\" \/>\n<meta name=\"twitter:card\" content=\"summary_large_image\" \/>\n<meta name=\"twitter:label1\" content=\"Tiempo de lectura\" \/>\n\t<meta name=\"twitter:data1\" content=\"2 minutos\" \/>\n<script type=\"application\/ld+json\" class=\"yoast-schema-graph\">{\"@context\":\"https:\\\/\\\/schema.org\",\"@graph\":[{\"@type\":\"WebPage\",\"@id\":\"https:\\\/\\\/iai.int\\\/es\\\/estructura\\\/direccion-ejecutiva-del-iai\\\/anna-stewart-ibarra\\\/\",\"url\":\"https:\\\/\\\/iai.int\\\/es\\\/estructura\\\/direccion-ejecutiva-del-iai\\\/anna-stewart-ibarra\\\/\",\"name\":\"Anna Stewart Ibarra - IAI - Inter-American Institute for Global Change Research\",\"isPartOf\":{\"@id\":\"https:\\\/\\\/iai.int\\\/es\\\/#website\"},\"primaryImageOfPage\":{\"@id\":\"https:\\\/\\\/iai.int\\\/es\\\/estructura\\\/direccion-ejecutiva-del-iai\\\/anna-stewart-ibarra\\\/#primaryimage\"},\"image\":{\"@id\":\"https:\\\/\\\/iai.int\\\/es\\\/estructura\\\/direccion-ejecutiva-del-iai\\\/anna-stewart-ibarra\\\/#primaryimage\"},\"thumbnailUrl\":\"https:\\\/\\\/iai.int\\\/administrador\\\/assets\\\/images\\\/ckfinder\\\/files\\\/Imagen%20de%20WhatsApp%202023-08-03%20a%20las%2013_50_15.jpg\",\"datePublished\":\"2025-08-07T13:06:14+00:00\",\"dateModified\":\"2025-08-07T13:06:16+00:00\",\"breadcrumb\":{\"@id\":\"https:\\\/\\\/iai.int\\\/es\\\/estructura\\\/direccion-ejecutiva-del-iai\\\/anna-stewart-ibarra\\\/#breadcrumb\"},\"inLanguage\":\"es\",\"potentialAction\":[{\"@type\":\"ReadAction\",\"target\":[\"https:\\\/\\\/iai.int\\\/es\\\/estructura\\\/direccion-ejecutiva-del-iai\\\/anna-stewart-ibarra\\\/\"]}]},{\"@type\":\"ImageObject\",\"inLanguage\":\"es\",\"@id\":\"https:\\\/\\\/iai.int\\\/es\\\/estructura\\\/direccion-ejecutiva-del-iai\\\/anna-stewart-ibarra\\\/#primaryimage\",\"url\":\"https:\\\/\\\/iai.int\\\/administrador\\\/assets\\\/images\\\/ckfinder\\\/files\\\/Imagen%20de%20WhatsApp%202023-08-03%20a%20las%2013_50_15.jpg\",\"contentUrl\":\"https:\\\/\\\/iai.int\\\/administrador\\\/assets\\\/images\\\/ckfinder\\\/files\\\/Imagen%20de%20WhatsApp%202023-08-03%20a%20las%2013_50_15.jpg\"},{\"@type\":\"BreadcrumbList\",\"@id\":\"https:\\\/\\\/iai.int\\\/es\\\/estructura\\\/direccion-ejecutiva-del-iai\\\/anna-stewart-ibarra\\\/#breadcrumb\",\"itemListElement\":[{\"@type\":\"ListItem\",\"position\":1,\"name\":\"Portada\",\"item\":\"https:\\\/\\\/iai.int\\\/es\\\/\"},{\"@type\":\"ListItem\",\"position\":2,\"name\":\"Estructura\",\"item\":\"https:\\\/\\\/iai.int\\\/es\\\/estructura\\\/\"},{\"@type\":\"ListItem\",\"position\":3,\"name\":\"Direcci\u00f3n Ejecutiva del IAI\",\"item\":\"https:\\\/\\\/iai.int\\\/es\\\/estructura\\\/direccion-ejecutiva-del-iai\\\/\"},{\"@type\":\"ListItem\",\"position\":4,\"name\":\"Anna Stewart Ibarra\"}]},{\"@type\":\"WebSite\",\"@id\":\"https:\\\/\\\/iai.int\\\/es\\\/#website\",\"url\":\"https:\\\/\\\/iai.int\\\/es\\\/\",\"name\":\"IAI - Inter-American Institute for Global Change Research\",\"description\":\"\",\"publisher\":{\"@id\":\"https:\\\/\\\/iai.int\\\/es\\\/#organization\"},\"potentialAction\":[{\"@type\":\"SearchAction\",\"target\":{\"@type\":\"EntryPoint\",\"urlTemplate\":\"https:\\\/\\\/iai.int\\\/es\\\/?s={search_term_string}\"},\"query-input\":{\"@type\":\"PropertyValueSpecification\",\"valueRequired\":true,\"valueName\":\"search_term_string\"}}],\"inLanguage\":\"es\"},{\"@type\":\"Organization\",\"@id\":\"https:\\\/\\\/iai.int\\\/es\\\/#organization\",\"name\":\"IAI - Inter-American Institute for Global Change Research\",\"url\":\"https:\\\/\\\/iai.int\\\/es\\\/\",\"logo\":{\"@type\":\"ImageObject\",\"inLanguage\":\"es\",\"@id\":\"https:\\\/\\\/iai.int\\\/es\\\/#\\\/schema\\\/logo\\\/image\\\/\",\"url\":\"https:\\\/\\\/iai.int\\\/wp-content\\\/uploads\\\/2025\\\/11\\\/IAI-logo-English-scaled.png\",\"contentUrl\":\"https:\\\/\\\/iai.int\\\/wp-content\\\/uploads\\\/2025\\\/11\\\/IAI-logo-English-scaled.png\",\"width\":2560,\"height\":985,\"caption\":\"IAI - Inter-American Institute for Global Change Research\"},\"image\":{\"@id\":\"https:\\\/\\\/iai.int\\\/es\\\/#\\\/schema\\\/logo\\\/image\\\/\"}}]}<\/script>\n<!-- \/ Yoast SEO plugin. -->","yoast_head_json":{"title":"Anna Stewart Ibarra - IAI - Inter-American Institute for Global Change Research","robots":{"index":"index","follow":"follow","max-snippet":"max-snippet:-1","max-image-preview":"max-image-preview:large","max-video-preview":"max-video-preview:-1"},"canonical":"https:\/\/iai.int\/es\/estructura\/direccion-ejecutiva-del-iai\/anna-stewart-ibarra\/","og_locale":"es_ES","og_type":"article","og_title":"Anna Stewart Ibarra - IAI - Inter-American Institute for Global Change Research","og_description":"Anna Stewart-Ibarra es la directora ejecutiva del Instituto Interamericano para la Investigaci\u00f3n del Cambio Global (IAI). En este cargo, la Dra. Stewart Ibarra apoya a los estados miembro en sus esfuerzos para lograr el completo y abierto&nbsp;intercambio de informaci\u00f3n cient\u00edfica relevante al cambio global para una Am\u00e9rica sustentable.&nbsp; La Dra. Stewart-Ibarra es experta&nbsp;en clima y [&hellip;]","og_url":"https:\/\/iai.int\/es\/estructura\/direccion-ejecutiva-del-iai\/anna-stewart-ibarra\/","og_site_name":"IAI - Inter-American Institute for Global Change Research","article_modified_time":"2025-08-07T13:06:16+00:00","og_image":[{"url":"https:\/\/iai.int\/administrador\/assets\/images\/ckfinder\/files\/Imagen%20de%20WhatsApp%202023-08-03%20a%20las%2013_50_15.jpg","type":"","width":"","height":""}],"twitter_card":"summary_large_image","twitter_misc":{"Tiempo de lectura":"2 minutos"},"schema":{"@context":"https:\/\/schema.org","@graph":[{"@type":"WebPage","@id":"https:\/\/iai.int\/es\/estructura\/direccion-ejecutiva-del-iai\/anna-stewart-ibarra\/","url":"https:\/\/iai.int\/es\/estructura\/direccion-ejecutiva-del-iai\/anna-stewart-ibarra\/","name":"Anna Stewart Ibarra - IAI - Inter-American Institute for Global Change Research","isPartOf":{"@id":"https:\/\/iai.int\/es\/#website"},"primaryImageOfPage":{"@id":"https:\/\/iai.int\/es\/estructura\/direccion-ejecutiva-del-iai\/anna-stewart-ibarra\/#primaryimage"},"image":{"@id":"https:\/\/iai.int\/es\/estructura\/direccion-ejecutiva-del-iai\/anna-stewart-ibarra\/#primaryimage"},"thumbnailUrl":"https:\/\/iai.int\/administrador\/assets\/images\/ckfinder\/files\/Imagen%20de%20WhatsApp%202023-08-03%20a%20las%2013_50_15.jpg","datePublished":"2025-08-07T13:06:14+00:00","dateModified":"2025-08-07T13:06:16+00:00","breadcrumb":{"@id":"https:\/\/iai.int\/es\/estructura\/direccion-ejecutiva-del-iai\/anna-stewart-ibarra\/#breadcrumb"},"inLanguage":"es","potentialAction":[{"@type":"ReadAction","target":["https:\/\/iai.int\/es\/estructura\/direccion-ejecutiva-del-iai\/anna-stewart-ibarra\/"]}]},{"@type":"ImageObject","inLanguage":"es","@id":"https:\/\/iai.int\/es\/estructura\/direccion-ejecutiva-del-iai\/anna-stewart-ibarra\/#primaryimage","url":"https:\/\/iai.int\/administrador\/assets\/images\/ckfinder\/files\/Imagen%20de%20WhatsApp%202023-08-03%20a%20las%2013_50_15.jpg","contentUrl":"https:\/\/iai.int\/administrador\/assets\/images\/ckfinder\/files\/Imagen%20de%20WhatsApp%202023-08-03%20a%20las%2013_50_15.jpg"},{"@type":"BreadcrumbList","@id":"https:\/\/iai.int\/es\/estructura\/direccion-ejecutiva-del-iai\/anna-stewart-ibarra\/#breadcrumb","itemListElement":[{"@type":"ListItem","position":1,"name":"Portada","item":"https:\/\/iai.int\/es\/"},{"@type":"ListItem","position":2,"name":"Estructura","item":"https:\/\/iai.int\/es\/estructura\/"},{"@type":"ListItem","position":3,"name":"Direcci\u00f3n Ejecutiva del IAI","item":"https:\/\/iai.int\/es\/estructura\/direccion-ejecutiva-del-iai\/"},{"@type":"ListItem","position":4,"name":"Anna Stewart Ibarra"}]},{"@type":"WebSite","@id":"https:\/\/iai.int\/es\/#website","url":"https:\/\/iai.int\/es\/","name":"IAI - Inter-American Institute for Global Change Research","description":"","publisher":{"@id":"https:\/\/iai.int\/es\/#organization"},"potentialAction":[{"@type":"SearchAction","target":{"@type":"EntryPoint","urlTemplate":"https:\/\/iai.int\/es\/?s={search_term_string}"},"query-input":{"@type":"PropertyValueSpecification","valueRequired":true,"valueName":"search_term_string"}}],"inLanguage":"es"},{"@type":"Organization","@id":"https:\/\/iai.int\/es\/#organization","name":"IAI - Inter-American Institute for Global Change Research","url":"https:\/\/iai.int\/es\/","logo":{"@type":"ImageObject","inLanguage":"es","@id":"https:\/\/iai.int\/es\/#\/schema\/logo\/image\/","url":"https:\/\/iai.int\/wp-content\/uploads\/2025\/11\/IAI-logo-English-scaled.png","contentUrl":"https:\/\/iai.int\/wp-content\/uploads\/2025\/11\/IAI-logo-English-scaled.png","width":2560,"height":985,"caption":"IAI - Inter-American Institute for Global Change Research"},"image":{"@id":"https:\/\/iai.int\/es\/#\/schema\/logo\/image\/"}}]}},"uagb_featured_image_src":{"full":false,"thumbnail":false,"medium":false,"medium_large":false,"large":false,"1536x1536":false,"2048x2048":false},"uagb_author_info":{"display_name":"admin","author_link":"https:\/\/iai.int\/es\/author\/admin\/"},"uagb_comment_info":0,"uagb_excerpt":"Anna Stewart-Ibarra es la directora ejecutiva del Instituto Interamericano para la Investigaci\u00f3n del Cambio Global (IAI). En este cargo, la Dra. Stewart Ibarra apoya a los estados miembro en sus esfuerzos para lograr el completo y abierto&nbsp;intercambio de informaci\u00f3n cient\u00edfica relevante al cambio global para una Am\u00e9rica sustentable.&nbsp; La Dra. Stewart-Ibarra es experta&nbsp;en clima y&hellip;","_links":{"self":[{"href":"https:\/\/iai.int\/es\/wp-json\/wp\/v2\/pages\/6667","targetHints":{"allow":["GET"]}}],"collection":[{"href":"https:\/\/iai.int\/es\/wp-json\/wp\/v2\/pages"}],"about":[{"href":"https:\/\/iai.int\/es\/wp-json\/wp\/v2\/types\/page"}],"author":[{"embeddable":true,"href":"https:\/\/iai.int\/es\/wp-json\/wp\/v2\/users\/1"}],"replies":[{"embeddable":true,"href":"https:\/\/iai.int\/es\/wp-json\/wp\/v2\/comments?post=6667"}],"version-history":[{"count":1,"href":"https:\/\/iai.int\/es\/wp-json\/wp\/v2\/pages\/6667\/revisions"}],"predecessor-version":[{"id":6669,"href":"https:\/\/iai.int\/es\/wp-json\/wp\/v2\/pages\/6667\/revisions\/6669"}],"up":[{"embeddable":true,"href":"https:\/\/iai.int\/es\/wp-json\/wp\/v2\/pages\/6623"}],"wp:attachment":[{"href":"https:\/\/iai.int\/es\/wp-json\/wp\/v2\/media?parent=6667"}],"curies":[{"name":"wp","href":"https:\/\/api.w.org\/{rel}","templated":true}]}}