{"id":12621,"date":"2026-01-07T16:59:50","date_gmt":"2026-01-07T21:59:50","guid":{"rendered":"https:\/\/iai.int\/?page_id=12621"},"modified":"2026-01-18T00:04:34","modified_gmt":"2026-01-18T05:04:34","slug":"25a-reunion-de-la-conferencia-de-las-partes","status":"publish","type":"page","link":"https:\/\/iai.int\/es\/25a-reunion-de-la-conferencia-de-las-partes\/","title":{"rendered":"25a reuni\u00f3n de la Conferencia de las Partes"},"content":{"rendered":"\n<h3 class=\"wp-block-heading\">13-14 de junio de 2017, Bogot\u00e1, Colombia<\/h3>\n\n\n\n<h2 class=\"wp-block-heading\">Agenda y documentos de trabajo<\/h2>\n\n\n\n<p><\/p>\n\n\n\n<h4 class=\"wp-block-heading\">Agenda Provisional<\/h4>\n\n\n\n<p><strong>25a reuni\u00f3n de la Conferencia de las Partes (CoP-25) del IAI<\/strong><br>13-14 de junio de 2017, Bogot\u00e1, Colombia<\/p>\n\n\n\n<p><\/p>\n\n\n\n<figure class=\"wp-block-table\"><table><tbody><tr><th class=\"has-text-align-left\" data-align=\"left\" colspan=\"3\">TEMA DE AGENDA<\/th><th class=\"has-text-align-left\" data-align=\"left\">DOCUMENTO (PDF)<\/th><\/tr><tr><td colspan=\"4\"><strong>Martes 13 de junio, 1a sesi\u00f3n matutina (9:00-10:30)<\/strong><\/td><\/tr><tr><td>&nbsp;<\/td><td>&nbsp;<\/td><td>Bienvenida a cargo de Colombia<\/td><td>Sin documento<\/td><\/tr><tr><td>1.<\/td><td>&nbsp;<\/td><td>Elecci\u00f3n de la Mesa Directiva de la CoP<\/td><td>Sin documento<\/td><\/tr><tr><td>2.<\/td><td>&nbsp;<\/td><td>Aprobaci\u00f3n de la agenda<\/td><td>Sin documento<\/td><\/tr><tr><td>3.<\/td><td>&nbsp;<\/td><td>Aprobaci\u00f3n del Acta de la 25a reuni\u00f3n de la Conferencia de las Partes<\/td><td><a href=\"https:\/\/archive.iai.int\/admin\/site\/sites\/default\/files\/CoP-24-report-s.pdf\" target=\"_blank\" rel=\"noreferrer noopener\">espa\u00f1ol<\/a>&nbsp;\u2013&nbsp;<a href=\"https:\/\/archive.iai.int\/admin\/site\/sites\/default\/files\/CoP_24-report-e.pdf\" target=\"_blank\" rel=\"noreferrer noopener\">ingl\u00e9s<\/a><\/td><\/tr><tr><td>4.<\/td><td>&nbsp;<\/td><td>Aprobaci\u00f3n del Acta de Conferencia Extraordinaria de las Partes del 9 de marzo 2017, Panam\u00e1<\/td><td><a href=\"https:\/\/archive.iai.int\/admin\/site\/sites\/default\/files\/iai-special-cop-2017-report-s.pdf\" target=\"_blank\" rel=\"noreferrer noopener\">espa\u00f1ol<\/a>&nbsp;\u2013&nbsp;<a href=\"https:\/\/archive.iai.int\/admin\/site\/sites\/default\/files\/iai-special-cop-2017-report-e.pdf\" target=\"_blank\" rel=\"noreferrer noopener\">ingl\u00e9s<\/a><\/td><\/tr><tr><td>5.<\/td><td>&nbsp;<\/td><td>Presentaci\u00f3n de las Partes y Observadores<\/td><td>Sin documento<\/td><\/tr><tr><td>6.<\/td><td>&nbsp;<\/td><td>Elecci\u00f3n de miembros de la Comisi\u00f3n de Credenciales<\/td><td>Sin documento<\/td><\/tr><tr><td colspan=\"4\"><strong>Martes 13 de junio, 2a sesi\u00f3n matutina (10:45-12:30)<\/strong><\/td><\/tr><tr><td colspan=\"4\"><strong>25 a\u00f1os del IAI: Establecimiento de prioridades para la pr\u00f3xima d\u00e9cada y repaso de logros pasados<\/strong><br>\u2013 Resumen del 1er taller anual de codise\u00f1o Ciencia-Pol\u00edticas del IAI<br>\u2013 Presentaci\u00f3n del pr\u00f3ximo Director Ejecutivo y su visi\u00f3n para el IAI<br>\u2013 Oportunidades de ciencia abierta y potencial liderazgo del IAI en las Am\u00e9ricas<\/td><\/tr><tr><td>7.<\/td><td>&nbsp;<\/td><td>Informe del Consejo Ejecutivo: Presidente del CE<br>\u2013 Actividades, acciones y decisiones del CE<br>\u2013 Temas sugeridos de la 43a reuni\u00f3n del CE<\/td><td>&nbsp;&nbsp;<a href=\"https:\/\/archive.iai.int\/admin\/site\/sites\/default\/files\/cop25-EC-report-e.pdf\" target=\"_blank\" rel=\"noreferrer noopener\">ingl\u00e9s<\/a><\/td><\/tr><tr><td colspan=\"4\"><strong>Martes 13 de junio, 1a sesi\u00f3n vespertina (14:00-15:50)<\/strong><\/td><\/tr><tr><td>8.<\/td><td>&nbsp;<\/td><td>Informe de la Comisi\u00f3n de Credenciales<\/td><td>Sin documento<\/td><\/tr><tr><td>9.<\/td><td>&nbsp;<\/td><td>Informe del SAC<\/td><td><a href=\"https:\/\/archive.iai.int\/admin\/site\/sites\/default\/files\/cop-25-SAC-Report-s.pdf\" target=\"_blank\" rel=\"noreferrer noopener\">espa\u00f1ol<\/a>&nbsp;\u2013&nbsp;<a href=\"https:\/\/archive.iai.int\/admin\/site\/sites\/default\/files\/cop-25-SAC-Report-e.pdf\" target=\"_blank\" rel=\"noreferrer noopener\">ingl\u00e9s<\/a><\/td><\/tr><tr><td>10.<\/td><td>&nbsp;<\/td><td>Informe del SPAC<\/td><td><a href=\"https:\/\/archive.iai.int\/admin\/site\/sites\/default\/files\/cop-25-SPAC-report-s.pdf\" target=\"_blank\" rel=\"noreferrer noopener\">espa\u00f1ol<\/a>&nbsp;\u2013&nbsp;<a href=\"https:\/\/archive.iai.int\/admin\/site\/sites\/default\/files\/cop-25-SPAC-report-e.pdf\" target=\"_blank\" rel=\"noreferrer noopener\">ingl\u00e9s<\/a><\/td><\/tr><tr><td>11.<\/td><td>&nbsp;<\/td><td>Recomendaci\u00f3n del CE a la CoP sobre la elecci\u00f3n para el SAC<\/td><td>Sin documento<\/td><\/tr><tr><td>12.<\/td><td>&nbsp;<\/td><td>Recomendaci\u00f3n del CE a la CoP sobre la elecci\u00f3n para el SPAC<\/td><td>Sin documento<\/td><\/tr><tr><td>13.<\/td><td>&nbsp;<\/td><td>Informe de la Direcci\u00f3n Ejecutiva<\/td><td><a href=\"https:\/\/archive.iai.int\/admin\/site\/sites\/default\/files\/cop-25-directorate-report-s.pdf\" target=\"_blank\" rel=\"noreferrer noopener\">espa\u00f1ol<\/a>&nbsp;\u2013&nbsp;<a href=\"https:\/\/archive.iai.int\/admin\/site\/sites\/default\/files\/cop-25-directorate-report-e.pdf\" target=\"_blank\" rel=\"noreferrer noopener\">ingl\u00e9s<\/a><\/td><\/tr><tr><td colspan=\"4\"><strong>Martes 13 de junio, 2a sesi\u00f3n vespertina (16:00-18:00)<\/strong><\/td><\/tr><tr><td>14.<\/td><td>&nbsp;<\/td><td>Informe y an\u00e1lisis sobre la participaci\u00f3n de los pa\u00edses miembro en el IAI<\/td><td>Sin documento<\/td><\/tr><tr><td>15.<\/td><td>&nbsp;<\/td><td>Novedades sobre la Gobernanza Tripartita del IAI<\/td><td><a href=\"https:\/\/archive.iai.int\/admin\/site\/sites\/default\/files\/cop-25-tripartite-committee-report-s.pdf\" target=\"_blank\" rel=\"noreferrer noopener\">espa\u00f1ol<\/a>&nbsp;\u2013&nbsp;<a href=\"https:\/\/archive.iai.int\/admin\/site\/sites\/default\/files\/cop-25-tripartite-committee-report-e.pdf\" target=\"_blank\" rel=\"noreferrer noopener\">ingl\u00e9s<\/a><\/td><\/tr><tr><td>&nbsp;<\/td><td>&nbsp;<\/td><td><em>Recepci\u00f3n de bienvenida 8pm<\/em><\/td><td>&nbsp;<\/td><\/tr><tr><td colspan=\"4\"><strong>Mi\u00e9rcoles 14 de junio, sesi\u00f3n matutina (9:00-13:00)<\/strong><\/td><\/tr><tr><td colspan=\"4\">Lanzamiento del&nbsp;<em>An\u00e1lisis de Vulnerabilidad para Colombia en el Marco de la Tercera Comunicaci\u00f3n<br>Nacional sobre Cambio Clim\u00e1tico<\/em>&nbsp;Ministerio de Ambiente y Desarrollo Sostenible, Colombia<\/td><\/tr><tr><td colspan=\"4\"><strong>Mi\u00e9rcoles 14 de junio, 1a sesi\u00f3n vespertina (14:00-15:40)<\/strong><\/td><\/tr><tr><td>16.<\/td><td>&nbsp;<\/td><td>Aprobaci\u00f3n de la Lista de Decisiones y Acciones del d\u00eda 1<\/td><td>Sin documento<\/td><\/tr><tr><td>17.<\/td><td>&nbsp;<\/td><td>Aprobaci\u00f3n de \u00edtems provenientes del CE-43<\/td><td>Sin documento<\/td><\/tr><tr><td>18.<\/td><td>&nbsp;<\/td><td>Presupuesto operativo para el a\u00f1o fiscal 2017-2018<\/td><td><a href=\"https:\/\/archive.iai.int\/admin\/site\/sites\/default\/files\/cop-25-Budget-Request-17-18-s.pdf\" target=\"_blank\" rel=\"noreferrer noopener\">espa\u00f1ol<\/a>&nbsp;\u2013&nbsp;<a href=\"https:\/\/archive.iai.int\/admin\/site\/sites\/default\/files\/cop-25-Budget-Request-17-18-e.pdf\" target=\"_blank\" rel=\"noreferrer noopener\">ingl\u00e9s<\/a><\/td><\/tr><tr><td>19.<\/td><td>&nbsp;<\/td><td>Aprobaci\u00f3n del Presupuesto Operativo y Contribuci\u00f3n de los Pa\u00edses para el AF 2017-2018<\/td><td>Sin documento<\/td><\/tr><tr><td>20.<\/td><td>&nbsp;<\/td><td>Revisi\u00f3n de los \u00edtems de la CoP para acci\u00f3n del CE-44<\/td><td>Sin documento<\/td><\/tr><tr><td>21.<\/td><td>&nbsp;<\/td><td>Sesi\u00f3n de donantes, contribuciones de los pa\u00edses a:<br>\u2013 Programas y Actividades de los Proyectos<br>\u2013 Presupuesto operativo<br>\u2013 Colaboraci\u00f3n internacional<\/td><td>Sin documento<\/td><\/tr><tr><td colspan=\"4\">Coffee Break \u2013 Pel\u00edcula documental que integra resultados de los programas SGP-CRA y CRN3:&nbsp;<em>R\u00edo Nuevo<\/em><\/td><\/tr><tr><td colspan=\"4\"><strong>Mi\u00e9rcoles 14 de junio, 2a sesi\u00f3n vespertina (16:30-18:00)<\/strong><\/td><\/tr><tr><td>22.<\/td><td>&nbsp;<\/td><td>Elecci\u00f3n de miembros del SAC<\/td><td><a href=\"https:\/\/archive.iai.int\/admin\/site\/sites\/default\/files\/cop-25-SAC-nominations-requested-e.pdf\" target=\"_blank\" rel=\"noreferrer noopener\">ingl\u00e9s<\/a><br>Documento remitido por<br>el Presidente del SAC<\/td><\/tr><tr><td>23.<\/td><td>&nbsp;<\/td><td>Elecci\u00f3n de miembros del SPAC<\/td><td><a href=\"https:\/\/archive.iai.int\/admin\/site\/sites\/default\/files\/cop-25-SPAC-Member-requirements-e.pdf\" target=\"_blank\" rel=\"noreferrer noopener\">ingl\u00e9s<\/a><br>Documento remitido por<br>el Presidente del SPAC<\/td><\/tr><tr><td>24.<\/td><td>&nbsp;<\/td><td>Tributo al Director Ejecutivo Saliente<\/td><td>Sin documento<\/td><\/tr><tr><td>25.<\/td><td>&nbsp;<\/td><td>Futuras reuniones y lugares<\/td><td>Sin documento<\/td><\/tr><tr><td>26.<\/td><td>&nbsp;<\/td><td>Aprobaci\u00f3n de la Lista de Decisiones y Acciones del d\u00eda 2<\/td><td>Sin documento<\/td><\/tr><tr><td>27.<\/td><td>&nbsp;<\/td><td>Clausura<\/td><td>Sin documento<\/td><\/tr><\/tbody><\/table><\/figure>\n\n\n\n<figure class=\"wp-block-image\"><img decoding=\"async\" src=\"https:\/\/platform-cdn.sharethis.com\/img\/email.svg\" alt=\"email sharing button\"\/><\/figure>\n\n\n\n<p><strong>Decisiones adoptadas en la 25a Reuni\u00f3n de la Conferencia de las Partes<br>del Instituto Interamericano para la Investigaci\u00f3n del Cambio Global<\/strong><br><a href=\"https:\/\/archive.iai.int\/admin\/site\/sites\/default\/files\/IAI-CoP-25-SP-3-Approved.pdf\" target=\"_blank\" rel=\"noreferrer noopener\">espa\u00f1ol<\/a>&nbsp;\u2013&nbsp;<a href=\"https:\/\/archive.iai.int\/admin\/site\/sites\/default\/files\/IAI-CoP-25-3-Approved.pdf\" target=\"_blank\" rel=\"noreferrer noopener\">ingl\u00e9s<\/a><\/p>\n\n\n\n<p><strong>Lista de participantes de la 25a Reuni\u00f3n de la Conferencia de las Partes<br>del Instituto Interamericano para la Investigaci\u00f3n del Cambio Global<\/strong><br><a href=\"https:\/\/archive.iai.int\/admin\/site\/sites\/default\/files\/IAI-CoP-25-2.pdf\" target=\"_blank\" rel=\"noreferrer noopener\">Clique aqu\u00ed<\/a><\/p>\n\n\n\n<p><strong>Informe de la 25a Reuni\u00f3n de la Conferencia de las Partes<br>del Instituto Interamericano para la Investigaci\u00f3n del Cambio Global<\/strong><br><a href=\"https:\/\/archive.iai.int\/admin\/site\/sites\/default\/files\/IAI-CoP-25-SP-4-Draft.pdf\" target=\"_blank\" rel=\"noreferrer noopener\">espa\u00f1ol<\/a>&nbsp;\u2013&nbsp;<a href=\"https:\/\/archive.iai.int\/admin\/site\/sites\/default\/files\/IAI-CoP-25-4-Draft.pdf\" target=\"_blank\" rel=\"noreferrer noopener\">ingl\u00e9s<\/a><\/p>\n\n\n\n<div style=\"height:42px\" aria-hidden=\"true\" class=\"wp-block-spacer\"><\/div>\n\n\n\n<p><strong><a href=\"https:\/\/iai.int\/es\/reuniones-ec-y-cop\/\">Regresar a Reuniones EC y COP<\/a><\/strong><\/p>\n\n\n\n<div style=\"height:42px\" aria-hidden=\"true\" class=\"wp-block-spacer\"><\/div>\n","protected":false},"excerpt":{"rendered":"<p>13-14 de junio de 2017, Bogot\u00e1, Colombia Agenda y documentos de trabajo Agenda Provisional 25a reuni\u00f3n de la Conferencia de las Partes (CoP-25) del IAI13-14 de junio de 2017, Bogot\u00e1, Colombia TEMA DE AGENDA DOCUMENTO (PDF) Martes 13 de junio, 1a sesi\u00f3n matutina (9:00-10:30) &nbsp; &nbsp; Bienvenida a cargo de Colombia Sin documento 1. &nbsp; [&hellip;]<\/p>\n","protected":false},"author":9,"featured_media":12462,"parent":0,"menu_order":0,"comment_status":"closed","ping_status":"closed","template":"","meta":{"_acf_changed":false,"_uag_custom_page_level_css":"","footnotes":""},"class_list":["post-12621","page","type-page","status-publish","has-post-thumbnail","hentry"],"acf":[],"yoast_head":"<!-- This site is optimized with the Yoast SEO plugin v27.3 - https:\/\/yoast.com\/product\/yoast-seo-wordpress\/ -->\n<title>25a reuni\u00f3n de la Conferencia de las Partes - IAI - Inter-American Institute for Global Change Research<\/title>\n<meta name=\"robots\" content=\"index, follow, max-snippet:-1, max-image-preview:large, max-video-preview:-1\" \/>\n<link rel=\"canonical\" href=\"https:\/\/iai.int\/es\/25a-reunion-de-la-conferencia-de-las-partes\/\" \/>\n<meta property=\"og:locale\" content=\"es_ES\" \/>\n<meta property=\"og:type\" content=\"article\" \/>\n<meta property=\"og:title\" content=\"25a reuni\u00f3n de la Conferencia de las Partes - IAI - Inter-American Institute for Global Change Research\" \/>\n<meta property=\"og:description\" content=\"13-14 de junio de 2017, Bogot\u00e1, Colombia Agenda y documentos de trabajo Agenda Provisional 25a reuni\u00f3n de la Conferencia de las Partes (CoP-25) del IAI13-14 de junio de 2017, Bogot\u00e1, Colombia TEMA DE AGENDA DOCUMENTO (PDF) Martes 13 de junio, 1a sesi\u00f3n matutina (9:00-10:30) &nbsp; &nbsp; Bienvenida a cargo de Colombia Sin documento 1. &nbsp; [&hellip;]\" \/>\n<meta property=\"og:url\" content=\"https:\/\/iai.int\/es\/25a-reunion-de-la-conferencia-de-las-partes\/\" \/>\n<meta property=\"og:site_name\" content=\"IAI - Inter-American Institute for Global Change Research\" \/>\n<meta property=\"article:modified_time\" content=\"2026-01-18T05:04:34+00:00\" \/>\n<meta property=\"og:image\" content=\"https:\/\/iai.int\/wp-content\/uploads\/2026\/01\/14.png\" \/>\n\t<meta property=\"og:image:width\" content=\"1772\" \/>\n\t<meta property=\"og:image:height\" content=\"551\" \/>\n\t<meta property=\"og:image:type\" content=\"image\/png\" \/>\n<meta name=\"twitter:card\" content=\"summary_large_image\" \/>\n<meta name=\"twitter:label1\" content=\"Tiempo de lectura\" \/>\n\t<meta name=\"twitter:data1\" content=\"3 minutos\" \/>\n<script type=\"application\/ld+json\" class=\"yoast-schema-graph\">{\"@context\":\"https:\\\/\\\/schema.org\",\"@graph\":[{\"@type\":\"WebPage\",\"@id\":\"https:\\\/\\\/iai.int\\\/es\\\/25a-reunion-de-la-conferencia-de-las-partes\\\/\",\"url\":\"https:\\\/\\\/iai.int\\\/es\\\/25a-reunion-de-la-conferencia-de-las-partes\\\/\",\"name\":\"25a reuni\u00f3n de la Conferencia de las Partes - IAI - Inter-American Institute for Global Change Research\",\"isPartOf\":{\"@id\":\"https:\\\/\\\/iai.int\\\/es\\\/#website\"},\"primaryImageOfPage\":{\"@id\":\"https:\\\/\\\/iai.int\\\/es\\\/25a-reunion-de-la-conferencia-de-las-partes\\\/#primaryimage\"},\"image\":{\"@id\":\"https:\\\/\\\/iai.int\\\/es\\\/25a-reunion-de-la-conferencia-de-las-partes\\\/#primaryimage\"},\"thumbnailUrl\":\"https:\\\/\\\/iai.int\\\/wp-content\\\/uploads\\\/2026\\\/01\\\/14.png\",\"datePublished\":\"2026-01-07T21:59:50+00:00\",\"dateModified\":\"2026-01-18T05:04:34+00:00\",\"breadcrumb\":{\"@id\":\"https:\\\/\\\/iai.int\\\/es\\\/25a-reunion-de-la-conferencia-de-las-partes\\\/#breadcrumb\"},\"inLanguage\":\"es\",\"potentialAction\":[{\"@type\":\"ReadAction\",\"target\":[\"https:\\\/\\\/iai.int\\\/es\\\/25a-reunion-de-la-conferencia-de-las-partes\\\/\"]}]},{\"@type\":\"ImageObject\",\"inLanguage\":\"es\",\"@id\":\"https:\\\/\\\/iai.int\\\/es\\\/25a-reunion-de-la-conferencia-de-las-partes\\\/#primaryimage\",\"url\":\"https:\\\/\\\/iai.int\\\/wp-content\\\/uploads\\\/2026\\\/01\\\/14.png\",\"contentUrl\":\"https:\\\/\\\/iai.int\\\/wp-content\\\/uploads\\\/2026\\\/01\\\/14.png\",\"width\":1772,\"height\":551},{\"@type\":\"BreadcrumbList\",\"@id\":\"https:\\\/\\\/iai.int\\\/es\\\/25a-reunion-de-la-conferencia-de-las-partes\\\/#breadcrumb\",\"itemListElement\":[{\"@type\":\"ListItem\",\"position\":1,\"name\":\"Portada\",\"item\":\"https:\\\/\\\/iai.int\\\/es\\\/\"},{\"@type\":\"ListItem\",\"position\":2,\"name\":\"25a reuni\u00f3n de la Conferencia de las Partes\"}]},{\"@type\":\"WebSite\",\"@id\":\"https:\\\/\\\/iai.int\\\/es\\\/#website\",\"url\":\"https:\\\/\\\/iai.int\\\/es\\\/\",\"name\":\"IAI - Inter-American Institute for Global Change Research\",\"description\":\"\",\"publisher\":{\"@id\":\"https:\\\/\\\/iai.int\\\/es\\\/#organization\"},\"potentialAction\":[{\"@type\":\"SearchAction\",\"target\":{\"@type\":\"EntryPoint\",\"urlTemplate\":\"https:\\\/\\\/iai.int\\\/es\\\/?s={search_term_string}\"},\"query-input\":{\"@type\":\"PropertyValueSpecification\",\"valueRequired\":true,\"valueName\":\"search_term_string\"}}],\"inLanguage\":\"es\"},{\"@type\":\"Organization\",\"@id\":\"https:\\\/\\\/iai.int\\\/es\\\/#organization\",\"name\":\"IAI - Inter-American Institute for Global Change Research\",\"url\":\"https:\\\/\\\/iai.int\\\/es\\\/\",\"logo\":{\"@type\":\"ImageObject\",\"inLanguage\":\"es\",\"@id\":\"https:\\\/\\\/iai.int\\\/es\\\/#\\\/schema\\\/logo\\\/image\\\/\",\"url\":\"https:\\\/\\\/iai.int\\\/wp-content\\\/uploads\\\/2025\\\/11\\\/IAI-logo-English-scaled.png\",\"contentUrl\":\"https:\\\/\\\/iai.int\\\/wp-content\\\/uploads\\\/2025\\\/11\\\/IAI-logo-English-scaled.png\",\"width\":2560,\"height\":985,\"caption\":\"IAI - Inter-American Institute for Global Change Research\"},\"image\":{\"@id\":\"https:\\\/\\\/iai.int\\\/es\\\/#\\\/schema\\\/logo\\\/image\\\/\"}}]}<\/script>\n<!-- \/ Yoast SEO plugin. -->","yoast_head_json":{"title":"25a reuni\u00f3n de la Conferencia de las Partes - IAI - Inter-American Institute for Global Change Research","robots":{"index":"index","follow":"follow","max-snippet":"max-snippet:-1","max-image-preview":"max-image-preview:large","max-video-preview":"max-video-preview:-1"},"canonical":"https:\/\/iai.int\/es\/25a-reunion-de-la-conferencia-de-las-partes\/","og_locale":"es_ES","og_type":"article","og_title":"25a reuni\u00f3n de la Conferencia de las Partes - IAI - Inter-American Institute for Global Change Research","og_description":"13-14 de junio de 2017, Bogot\u00e1, Colombia Agenda y documentos de trabajo Agenda Provisional 25a reuni\u00f3n de la Conferencia de las Partes (CoP-25) del IAI13-14 de junio de 2017, Bogot\u00e1, Colombia TEMA DE AGENDA DOCUMENTO (PDF) Martes 13 de junio, 1a sesi\u00f3n matutina (9:00-10:30) &nbsp; &nbsp; Bienvenida a cargo de Colombia Sin documento 1. &nbsp; [&hellip;]","og_url":"https:\/\/iai.int\/es\/25a-reunion-de-la-conferencia-de-las-partes\/","og_site_name":"IAI - Inter-American Institute for Global Change Research","article_modified_time":"2026-01-18T05:04:34+00:00","og_image":[{"width":1772,"height":551,"url":"https:\/\/iai.int\/wp-content\/uploads\/2026\/01\/14.png","type":"image\/png"}],"twitter_card":"summary_large_image","twitter_misc":{"Tiempo de lectura":"3 minutos"},"schema":{"@context":"https:\/\/schema.org","@graph":[{"@type":"WebPage","@id":"https:\/\/iai.int\/es\/25a-reunion-de-la-conferencia-de-las-partes\/","url":"https:\/\/iai.int\/es\/25a-reunion-de-la-conferencia-de-las-partes\/","name":"25a reuni\u00f3n de la Conferencia de las Partes - IAI - Inter-American Institute for Global Change Research","isPartOf":{"@id":"https:\/\/iai.int\/es\/#website"},"primaryImageOfPage":{"@id":"https:\/\/iai.int\/es\/25a-reunion-de-la-conferencia-de-las-partes\/#primaryimage"},"image":{"@id":"https:\/\/iai.int\/es\/25a-reunion-de-la-conferencia-de-las-partes\/#primaryimage"},"thumbnailUrl":"https:\/\/iai.int\/wp-content\/uploads\/2026\/01\/14.png","datePublished":"2026-01-07T21:59:50+00:00","dateModified":"2026-01-18T05:04:34+00:00","breadcrumb":{"@id":"https:\/\/iai.int\/es\/25a-reunion-de-la-conferencia-de-las-partes\/#breadcrumb"},"inLanguage":"es","potentialAction":[{"@type":"ReadAction","target":["https:\/\/iai.int\/es\/25a-reunion-de-la-conferencia-de-las-partes\/"]}]},{"@type":"ImageObject","inLanguage":"es","@id":"https:\/\/iai.int\/es\/25a-reunion-de-la-conferencia-de-las-partes\/#primaryimage","url":"https:\/\/iai.int\/wp-content\/uploads\/2026\/01\/14.png","contentUrl":"https:\/\/iai.int\/wp-content\/uploads\/2026\/01\/14.png","width":1772,"height":551},{"@type":"BreadcrumbList","@id":"https:\/\/iai.int\/es\/25a-reunion-de-la-conferencia-de-las-partes\/#breadcrumb","itemListElement":[{"@type":"ListItem","position":1,"name":"Portada","item":"https:\/\/iai.int\/es\/"},{"@type":"ListItem","position":2,"name":"25a reuni\u00f3n de la Conferencia de las Partes"}]},{"@type":"WebSite","@id":"https:\/\/iai.int\/es\/#website","url":"https:\/\/iai.int\/es\/","name":"IAI - Inter-American Institute for Global Change Research","description":"","publisher":{"@id":"https:\/\/iai.int\/es\/#organization"},"potentialAction":[{"@type":"SearchAction","target":{"@type":"EntryPoint","urlTemplate":"https:\/\/iai.int\/es\/?s={search_term_string}"},"query-input":{"@type":"PropertyValueSpecification","valueRequired":true,"valueName":"search_term_string"}}],"inLanguage":"es"},{"@type":"Organization","@id":"https:\/\/iai.int\/es\/#organization","name":"IAI - Inter-American Institute for Global Change Research","url":"https:\/\/iai.int\/es\/","logo":{"@type":"ImageObject","inLanguage":"es","@id":"https:\/\/iai.int\/es\/#\/schema\/logo\/image\/","url":"https:\/\/iai.int\/wp-content\/uploads\/2025\/11\/IAI-logo-English-scaled.png","contentUrl":"https:\/\/iai.int\/wp-content\/uploads\/2025\/11\/IAI-logo-English-scaled.png","width":2560,"height":985,"caption":"IAI - Inter-American Institute for Global Change Research"},"image":{"@id":"https:\/\/iai.int\/es\/#\/schema\/logo\/image\/"}}]}},"uagb_featured_image_src":{"full":["https:\/\/iai.int\/wp-content\/uploads\/2026\/01\/14.png",1772,551,false],"thumbnail":["https:\/\/iai.int\/wp-content\/uploads\/2026\/01\/14-150x150.png",150,150,true],"medium":["https:\/\/iai.int\/wp-content\/uploads\/2026\/01\/14-300x93.png",300,93,true],"medium_large":["https:\/\/iai.int\/wp-content\/uploads\/2026\/01\/14-768x239.png",768,239,true],"large":["https:\/\/iai.int\/wp-content\/uploads\/2026\/01\/14-1024x318.png",800,248,true],"1536x1536":["https:\/\/iai.int\/wp-content\/uploads\/2026\/01\/14-1536x478.png",1536,478,true],"2048x2048":["https:\/\/iai.int\/wp-content\/uploads\/2026\/01\/14.png",1772,551,false]},"uagb_author_info":{"display_name":"IAI Communication","author_link":"https:\/\/iai.int\/es\/author\/iai-communication\/"},"uagb_comment_info":0,"uagb_excerpt":"13-14 de junio de 2017, Bogot\u00e1, Colombia Agenda y documentos de trabajo Agenda Provisional 25a reuni\u00f3n de la Conferencia de las Partes (CoP-25) del IAI13-14 de junio de 2017, Bogot\u00e1, Colombia TEMA DE AGENDA DOCUMENTO (PDF) Martes 13 de junio, 1a sesi\u00f3n matutina (9:00-10:30) &nbsp; &nbsp; Bienvenida a cargo de Colombia Sin documento 1. &nbsp;&hellip;","_links":{"self":[{"href":"https:\/\/iai.int\/es\/wp-json\/wp\/v2\/pages\/12621","targetHints":{"allow":["GET"]}}],"collection":[{"href":"https:\/\/iai.int\/es\/wp-json\/wp\/v2\/pages"}],"about":[{"href":"https:\/\/iai.int\/es\/wp-json\/wp\/v2\/types\/page"}],"author":[{"embeddable":true,"href":"https:\/\/iai.int\/es\/wp-json\/wp\/v2\/users\/9"}],"replies":[{"embeddable":true,"href":"https:\/\/iai.int\/es\/wp-json\/wp\/v2\/comments?post=12621"}],"version-history":[{"count":3,"href":"https:\/\/iai.int\/es\/wp-json\/wp\/v2\/pages\/12621\/revisions"}],"predecessor-version":[{"id":13873,"href":"https:\/\/iai.int\/es\/wp-json\/wp\/v2\/pages\/12621\/revisions\/13873"}],"wp:featuredmedia":[{"embeddable":true,"href":"https:\/\/iai.int\/es\/wp-json\/wp\/v2\/media\/12462"}],"wp:attachment":[{"href":"https:\/\/iai.int\/es\/wp-json\/wp\/v2\/media?parent=12621"}],"curies":[{"name":"wp","href":"https:\/\/api.w.org\/{rel}","templated":true}]}}