{"id":12605,"date":"2026-01-07T16:43:53","date_gmt":"2026-01-07T21:43:53","guid":{"rendered":"https:\/\/iai.int\/?page_id=12605"},"modified":"2026-01-13T13:18:51","modified_gmt":"2026-01-13T18:18:51","slug":"26a-reunion-de-la-conferencia-de-las-partes","status":"publish","type":"page","link":"https:\/\/iai.int\/es\/26a-reunion-de-la-conferencia-de-las-partes\/","title":{"rendered":"26a reuni\u00f3n de la Conferencia de las Partes"},"content":{"rendered":"\n<h3 class=\"wp-block-heading\">20-21 June 2018, Antigua, Guatemala<br><\/h3>\n\n\n\n<h2 class=\"wp-block-heading\">Agenda y documentos de trabajo<\/h2>\n\n\n\n<p><strong>Informe de la reuni\u00f3n<\/strong><\/p>\n\n\n\n<p><a href=\"https:\/\/archive.iai.int\/admin\/site\/sites\/default\/files\/uploads\/cop-26-fnrpt-s.pdf\" target=\"_blank\" rel=\"noreferrer noopener\">espa\u00f1ol<\/a>&nbsp;\u2013&nbsp;<a href=\"https:\/\/archive.iai.int\/admin\/site\/sites\/default\/files\/uploads\/cop-26-fnrpt-e.pdf\" target=\"_blank\" rel=\"noreferrer noopener\">ingl\u00e9s<\/a><\/p>\n\n\n\n<p><\/p>\n\n\n\n<h4 class=\"wp-block-heading\">Agenda Provisional<\/h4>\n\n\n\n<p><strong>26a reuni\u00f3n de la Conferencia de las Partes (CoP-26) del IAI<\/strong><br>20-21 de junio de 2018, Antigua, Guatemala<\/p>\n\n\n\n<p>Descargue todos los documentos de la CoP-26 en formato .zip<\/p>\n\n\n\n<p><a href=\"https:\/\/drive.google.com\/file\/d\/19UTMYIpOaerksmh3-hcAgs0fTYTHR_fM\/view?usp=sharing\" target=\"_blank\" rel=\"noreferrer noopener\">espa\u00f1ol<\/a><\/p>\n\n\n\n<p><a href=\"https:\/\/drive.google.com\/file\/d\/15u_HlnkQCHS1thTOn5EawtlsiZsppGx0\/view?usp=sharing\" target=\"_blank\" rel=\"noreferrer noopener\">ingl\u00e9s<\/a><\/p>\n\n\n\n<p><\/p>\n\n\n\n<figure class=\"wp-block-table\"><table><tbody><tr><th class=\"has-text-align-left\" data-align=\"left\" colspan=\"3\">Tema de agenda<\/th><th class=\"has-text-align-left\" data-align=\"left\">Documento (PDF)<\/th><\/tr><tr><td colspan=\"4\"><strong>Mi\u00e9rcoles 20 de junio, 1a sesi\u00f3n matutina (8:00-9:30)<\/strong><\/td><\/tr><tr><td>&nbsp;<\/td><td>&nbsp;<\/td><td>Bienvenida a cargo de Guatemala y acto cultural<br>Discurso inaugural del<br>Secretario Nacional de Ciencia y Tecnolog\u00eda (SENACYT), Dr. Oscar Cobar<br>Discurso inaugural del<br>Vicepresidente de la Rep\u00fablica de Guatemala, Dr. Jafeth Cabrera<\/td><td>Sin documento<\/td><\/tr><tr><td>&nbsp;<\/td><td>&nbsp;<\/td><td>Discurso inaugural de la Presidente del Consejo Ejecutivo<\/td><td>Sin documento<\/td><\/tr><tr><td>&nbsp;<\/td><td>&nbsp;<\/td><td>Discurso inaugural del Director Ejecutivo<\/td><td>Sin documento<\/td><\/tr><tr><td colspan=\"4\"><strong>Mi\u00e9rcoles 20 de junio, 2a sesi\u00f3n matutina (9:30-1:00)<\/strong><\/td><\/tr><tr><td colspan=\"4\">Sesi\u00f3n conjunta: Informe del SAC y el SPAC sobre el Taller de Ciencia y Pol\u00edticas<br>Presentaci\u00f3n de casos a cargo de SENACYT, Guatemala<\/td><\/tr><tr><td colspan=\"4\">Presentaci\u00f3n de las recomendaciones del Taller de Ciencia \u2013 Pol\u00edticas \u2013 Dr. Edwin Castellanos<br>Presentaci\u00f3n de proyectos de impacto en Ciencia y Tecnolog\u00eda<br>Coffee break<br>Ciencia maya: Evoluci\u00f3n cultural de la ciencia en Guatemala<\/td><\/tr><tr><td colspan=\"4\"><strong>Mi\u00e9rcoles 20 de junio, 1a sesi\u00f3n vespertina (1:45-2:30)<\/strong><\/td><\/tr><tr><td>&nbsp;<\/td><td>&nbsp;<\/td><td><strong>Temas administrativos y financieros<\/strong><\/td><td>&nbsp;<\/td><\/tr><tr><td>1.<\/td><td>&nbsp;<\/td><td>Elecci\u00f3n de la Mesa Directiva de la CoP<\/td><td>Reglamento de la CoP<\/td><\/tr><tr><td>2.<\/td><td>&nbsp;<\/td><td>Aprobaci\u00f3n de la agenda<\/td><td>IAI\/COP\/26\/2<br><a href=\"https:\/\/archive.iai.int\/admin\/site\/sites\/default\/files\/uploads\/iai-cop-26-2-s.pdf\" target=\"_blank\" rel=\"noreferrer noopener\">espa\u00f1ol<\/a>&nbsp;\u2013&nbsp;<a href=\"https:\/\/archive.iai.int\/admin\/site\/sites\/default\/files\/uploads\/iai-cop-26-2-e.pdf\" target=\"_blank\" rel=\"noreferrer noopener\">ingl\u00e9s<\/a><\/td><\/tr><tr><td>3.<\/td><td>&nbsp;<\/td><td>Aprobaci\u00f3n del Acta de la 25a reuni\u00f3n de la Conferencia de las Partes<\/td><td>IAI\/COP\/26\/3<br><a href=\"https:\/\/archive.iai.int\/admin\/site\/sites\/default\/files\/uploads\/iai-cop-26-3-s.pdf\" target=\"_blank\" rel=\"noreferrer noopener\">espa\u00f1ol<\/a>&nbsp;\u2013&nbsp;<a href=\"https:\/\/archive.iai.int\/admin\/site\/sites\/default\/files\/uploads\/iai-cop-26-3-e.pdf\" target=\"_blank\" rel=\"noreferrer noopener\">ingl\u00e9s<\/a><\/td><\/tr><tr><td>4.<\/td><td>&nbsp;<\/td><td>Comisi\u00f3n de Credenciales y Comit\u00e9 Permanente de Reglas y Procedimientos<\/td><td>&nbsp;<\/td><\/tr><tr><td>&nbsp;<\/td><td>a.<\/td><td>Informe de la Comisi\u00f3n de Credenciales<\/td><td>Sin documento<\/td><\/tr><tr><td>&nbsp;<\/td><td>b.<\/td><td>Informe del Comit\u00e9 Permanente de Reglas y Procedimientos<\/td><td>IAI\/COP\/26\/4b<br><a href=\"https:\/\/archive.iai.int\/admin\/site\/sites\/default\/files\/uploads\/iai-cop-26-4b-s.pdf\" target=\"_blank\" rel=\"noreferrer noopener\">espa\u00f1ol<\/a>&nbsp;\u2013&nbsp;<a href=\"https:\/\/archive.iai.int\/admin\/site\/sites\/default\/files\/uploads\/iai-cop-26-4b-e.pdf\" target=\"_blank\" rel=\"noreferrer noopener\">ingl\u00e9s<\/a><\/td><\/tr><tr><td colspan=\"4\"><strong>Mi\u00e9rcoles 20 de junio, 2a sesi\u00f3n vespertina (2:45-5:30)<\/strong><\/td><\/tr><tr><td>5.<\/td><td>&nbsp;<\/td><td>Temas financieros y presupuestarios<\/td><td>IAI\/COP\/26\/5<\/td><\/tr><tr><td>&nbsp;<\/td><td>a.<\/td><td>Anexo 1: Rese\u00f1a del Estado Financiero del AF 2017-2018<\/td><td>Anexo 1<br><a href=\"https:\/\/archive.iai.int\/admin\/site\/sites\/default\/files\/uploads\/iai-cop-26-5-annex-a-s.pdf\" target=\"_blank\" rel=\"noreferrer noopener\">espa\u00f1ol<\/a>&nbsp;\u2013&nbsp;<a href=\"https:\/\/archive.iai.int\/admin\/site\/sites\/default\/files\/uploads\/iai-cop-26-5-annex-a-e.pdf\" target=\"_blank\" rel=\"noreferrer noopener\">ingl\u00e9s<\/a><\/td><\/tr><tr><td>&nbsp;<\/td><td>b.<\/td><td>Anexo 2: Presupuesto Operativo y Contribuciones de los Pa\u00edses para el AF 2018-2019<br>y solicitud preliminar para 2019-2021<\/td><td>Anexo 2<br><a href=\"https:\/\/archive.iai.int\/admin\/site\/sites\/default\/files\/uploads\/iai-cop-26-5-annex-b-s.pdf\" target=\"_blank\" rel=\"noreferrer noopener\">espa\u00f1ol<\/a>&nbsp;\u2013&nbsp;<a href=\"https:\/\/archive.iai.int\/admin\/site\/sites\/default\/files\/uploads\/iai-cop-26-5-annex-b-e.pdf\" target=\"_blank\" rel=\"noreferrer noopener\">ingl\u00e9s<\/a><\/td><\/tr><tr><td>&nbsp;<\/td><td>c.<\/td><td>Anexo 3: Informe de los auditores<\/td><td>Anexo 3<br><a href=\"https:\/\/archive.iai.int\/admin\/site\/sites\/default\/files\/uploads\/iai-cop-26-5-annex-c-s.pdf\" target=\"_blank\" rel=\"noreferrer noopener\">espa\u00f1ol<\/a>&nbsp;\u2013&nbsp;<a href=\"https:\/\/archive.iai.int\/admin\/site\/sites\/default\/files\/uploads\/iai-cop-26-5-annex-c-e.pdf\" target=\"_blank\" rel=\"noreferrer noopener\">ingl\u00e9s<\/a><\/td><\/tr><tr><td>&nbsp;<\/td><td>d.<\/td><td>Anexo 4: Informe del Comit\u00e9 Financiero y Administrativo (FAC)<\/td><td>Anexo 4<br><a href=\"https:\/\/archive.iai.int\/admin\/site\/sites\/default\/files\/uploads\/iai-cop-26-5-annex-d-s.pdf\" target=\"_blank\" rel=\"noreferrer noopener\">espa\u00f1ol<\/a>&nbsp;\u2013&nbsp;<a href=\"https:\/\/archive.iai.int\/admin\/site\/sites\/default\/files\/uploads\/iai-cop-26-5-annex-d-e.pdf\" target=\"_blank\" rel=\"noreferrer noopener\">ingl\u00e9s<\/a><\/td><\/tr><tr><td>6.<\/td><td>&nbsp;<\/td><td>Decisi\u00f3n XXV\/20: Membres\u00eda del Comit\u00e9 de Finanzas y Administraci\u00f3n (FAC)<\/td><td>IAI\/COP\/26\/6<br><a href=\"https:\/\/archive.iai.int\/admin\/site\/sites\/default\/files\/uploads\/iai-cop-26-6-s.pdf\" target=\"_blank\" rel=\"noreferrer noopener\">espa\u00f1ol<\/a>&nbsp;\u2013&nbsp;<a href=\"https:\/\/archive.iai.int\/admin\/site\/sites\/default\/files\/uploads\/iai-cop-26-6-e.pdf\" target=\"_blank\" rel=\"noreferrer noopener\">ingl\u00e9s<\/a><\/td><\/tr><tr><td>&nbsp;<\/td><td>&nbsp;<\/td><td><em>Recepci\u00f3n de bienvenida en (lugar por confirmar), 7pm<\/em><\/td><td>&nbsp;<\/td><\/tr><tr><td colspan=\"3\"><strong>TEMA DE AGENDA<\/strong><\/td><td><strong>DOCUMENTO (PDF)<\/strong><\/td><\/tr><tr><td colspan=\"4\"><strong>Jueves 21 de junio, 1a sesi\u00f3n matutina (9:00-10:15)<\/strong><\/td><\/tr><tr><td>&nbsp;<\/td><td>&nbsp;<\/td><td><strong>Consejo Ejecutivo<\/strong><\/td><td>&nbsp;<\/td><\/tr><tr><td>7.<\/td><td>&nbsp;<\/td><td>Informe del Consejo Ejecutivo<br>a. Actividades, acciones y decisiones del CE<br>b. Temas surgidos en la 45a reuni\u00f3n del CE<\/td><td>IAI\/COP\/26\/7<br><a href=\"https:\/\/archive.iai.int\/admin\/site\/sites\/default\/files\/uploads\/iai-cop-26-7-s.pdf\" target=\"_blank\" rel=\"noreferrer noopener\">espa\u00f1ol<\/a>&nbsp;\u2013&nbsp;<a href=\"https:\/\/archive.iai.int\/admin\/site\/sites\/default\/files\/uploads\/iai-cop-26-7-e.pdf\" target=\"_blank\" rel=\"noreferrer noopener\">ingl\u00e9s<\/a><\/td><\/tr><tr><td colspan=\"4\"><strong>Jueves 21 de junio, 2a sesi\u00f3n matutina (10:30-12:00)<\/strong><\/td><\/tr><tr><td>&nbsp;<\/td><td>&nbsp;<\/td><td><strong>El Comit\u00e9 Asesor Cient\u00edfico (SAC) y el Comit\u00e9 Asesor en Ciencia y Pol\u00edticas (SPAC)<\/strong><\/td><td>&nbsp;<\/td><\/tr><tr><td>8.<\/td><td>&nbsp;<\/td><td>Informe del SAC<\/td><td>IAI\/COP\/26\/8<br><a href=\"https:\/\/archive.iai.int\/admin\/site\/sites\/default\/files\/uploads\/iai-cop-26-8-s.pdf\" target=\"_blank\" rel=\"noreferrer noopener\">espa\u00f1ol<\/a>&nbsp;\u2013&nbsp;<a href=\"https:\/\/archive.iai.int\/admin\/site\/sites\/default\/files\/uploads\/iai-cop-26-8-e.pdf\" target=\"_blank\" rel=\"noreferrer noopener\">ingl\u00e9s<\/a><\/td><\/tr><tr><td>9.<\/td><td>&nbsp;<\/td><td>Informe del SPAC<\/td><td>IAI\/COP\/26\/9<br><a href=\"https:\/\/archive.iai.int\/admin\/site\/sites\/default\/files\/uploads\/iai-cop-26-9-s.pdf\" target=\"_blank\" rel=\"noreferrer noopener\">espa\u00f1ol<\/a>&nbsp;\u2013&nbsp;<a href=\"https:\/\/archive.iai.int\/admin\/site\/sites\/default\/files\/uploads\/iai-cop-26-9-e.pdf\" target=\"_blank\" rel=\"noreferrer noopener\">ingl\u00e9s<\/a><\/td><\/tr><tr><td>&nbsp;<\/td><td>a.<\/td><td>Decisi\u00f3n XXV\/19: Reuniones conjuntas SAC, SPAC y CE-CoP<\/td><td>IAI\/COP\/26\/9a<br><a href=\"https:\/\/archive.iai.int\/admin\/site\/sites\/default\/files\/uploads\/iai-cop-26-9a-s.pdf\">espa\u00f1ol<\/a>&nbsp;\u2013&nbsp;<a href=\"https:\/\/archive.iai.int\/admin\/site\/sites\/default\/files\/uploads\/iai-cop-26-9a-e.pdf\">ingl\u00e9s<\/a><\/td><\/tr><tr><td>10.<\/td><td>&nbsp;<\/td><td>Informe de la comisi\u00f3n para recomendar candidatos para la elecci\u00f3n de miembros del SAC<\/td><td>Sin documento<\/td><\/tr><tr><td>11.<\/td><td>&nbsp;<\/td><td>Informe de la comisi\u00f3n para recomendar candidatos para la elecci\u00f3n de miembros del SPAC<\/td><td>Sin documento<\/td><\/tr><tr><td colspan=\"4\"><strong>Jueves 21 de junio, 1a sesi\u00f3n vespertina (1:00-3:45)<\/strong><\/td><\/tr><tr><td>&nbsp;<\/td><td>&nbsp;<\/td><td><strong>Informes de las comisiones&nbsp;<em>ad hoc<\/em>&nbsp;(1:00-1:45)<\/strong><\/td><td>&nbsp;<\/td><\/tr><tr><td>12.<\/td><td>&nbsp;<\/td><td>Informe de la comisi\u00f3n&nbsp;<em>ad hoc<\/em>&nbsp;sobre la Decisi\u00f3n XXV\/25: Fortalecimiento de la actividad<br>de los representantes de los Pa\u00edses Miembros del IAI<br><a href=\"https:\/\/archive.iai.int\/admin\/site\/sites\/default\/files\/uploads\/iai-cop-26-12-s.pdf\" target=\"_blank\" rel=\"noreferrer noopener\">espa\u00f1ol<\/a>&nbsp;\u2013&nbsp;<a href=\"https:\/\/archive.iai.int\/admin\/site\/sites\/default\/files\/uploads\/iai-cop-26-12-e.pdf\" target=\"_blank\" rel=\"noreferrer noopener\">ingl\u00e9s<\/a><\/td><td>IAI\/COP\/26\/12<\/td><\/tr><tr><td>&nbsp;<\/td><td>a.<\/td><td>Art\u00edculo XI: Asociados del Instituto (Rede Clima)<\/td><td>IAI\/COP\/26\/12a<br><a href=\"https:\/\/archive.iai.int\/admin\/site\/sites\/default\/files\/uploads\/iai-cop-26-12a-s.pdf\" target=\"_blank\" rel=\"noreferrer noopener\">espa\u00f1ol<\/a>&nbsp;\u2013&nbsp;<a href=\"https:\/\/archive.iai.int\/admin\/site\/sites\/default\/files\/uploads\/iai-cop-26-12a-e.pdf\" target=\"_blank\" rel=\"noreferrer noopener\">ingl\u00e9s<\/a><br>Documento remitido<br>por Brasil<\/td><\/tr><tr><td>&nbsp;<\/td><td>b.<\/td><td>Art\u00edculo XI: Asociados del Instituto (AAAS)<\/td><td>IAI\/COP\/26\/12b<br><a href=\"https:\/\/archive.iai.int\/admin\/site\/sites\/default\/files\/uploads\/iai-cop-26-12b-s.pdf\" target=\"_blank\" rel=\"noreferrer noopener\">espa\u00f1ol<\/a>&nbsp;\u2013&nbsp;<a href=\"https:\/\/archive.iai.int\/admin\/site\/sites\/default\/files\/uploads\/iai-cop-26-12b-e.pdf\" target=\"_blank\" rel=\"noreferrer noopener\">ingl\u00e9s<\/a><br>Documento remitido<br>por Estados Unidos<\/td><\/tr><tr><td>&nbsp;<\/td><td>c.<\/td><td>Art\u00edculo XI: Asociados del Instituto (Tierra Futura)<\/td><td>IAI\/COP\/26\/12c<br><a href=\"https:\/\/archive.iai.int\/admin\/site\/sites\/default\/files\/uploads\/iai-cop-26-12c-s.pdf\" target=\"_blank\" rel=\"noreferrer noopener\">espa\u00f1ol<\/a>&nbsp;\u2013&nbsp;<a href=\"https:\/\/archive.iai.int\/admin\/site\/sites\/default\/files\/uploads\/iai-cop-26-12c-e.pdf\" target=\"_blank\" rel=\"noreferrer noopener\">ingl\u00e9s<\/a><br>Documento remitido<br>por Estados Unidos<\/td><\/tr><tr><td>13.<\/td><td>&nbsp;<\/td><td>Decisi\u00f3n XXV\/30: Comisi\u00f3n de Implementaci\u00f3n de la Estructura Tripartita del IAI<\/td><td>IAI\/COP\/26\/13<br><a href=\"https:\/\/archive.iai.int\/admin\/site\/sites\/default\/files\/uploads\/iai-cop-26-13-s.pdf\" target=\"_blank\" rel=\"noreferrer noopener\">espa\u00f1ol<\/a>&nbsp;\u2013&nbsp;<a href=\"https:\/\/archive.iai.int\/admin\/site\/sites\/default\/files\/uploads\/iai-cop-26-13-e.pdf\" target=\"_blank\" rel=\"noreferrer noopener\">ingl\u00e9s<\/a><br>Documento remitido<br>por Estados Unidos<\/td><\/tr><tr><td>&nbsp;<\/td><td>&nbsp;<\/td><td><strong>Informe de la Direcci\u00f3n Ejecutiva (1:45-3:30)<\/strong><\/td><td>&nbsp;<\/td><\/tr><tr><td>14.<\/td><td>&nbsp;<\/td><td>Informe sobre Ciencia<\/td><td>IAI\/COP\/26\/14<br><a href=\"https:\/\/archive.iai.int\/admin\/site\/sites\/default\/files\/uploads\/iai-cop-26-14-s.pdf\" target=\"_blank\" rel=\"noreferrer noopener\">espa\u00f1ol<\/a>&nbsp;\u2013&nbsp;<a href=\"https:\/\/archive.iai.int\/admin\/site\/sites\/default\/files\/uploads\/iai-cop-26-14-e.pdf\" target=\"_blank\" rel=\"noreferrer noopener\">ingl\u00e9s<\/a><\/td><\/tr><tr><td>15.<\/td><td>&nbsp;<\/td><td>Informe sobre Desarrollo de Capacidades<\/td><td>IAI\/COP\/26\/15X<br><a href=\"https:\/\/archive.iai.int\/admin\/site\/sites\/default\/files\/uploads\/iai-cop-26-15-s.pdf\" target=\"_blank\" rel=\"noreferrer noopener\">espa\u00f1ol<\/a>&nbsp;\u2013&nbsp;<a href=\"https:\/\/archive.iai.int\/admin\/site\/sites\/default\/files\/uploads\/iai-cop-26-15-e.pdf\" target=\"_blank\" rel=\"noreferrer noopener\">ingl\u00e9s<\/a><\/td><\/tr><tr><td>16.<\/td><td>&nbsp;<\/td><td>Extensi\u00f3n y cooperaci\u00f3n global<\/td><td>IAI\/COP\/26\/16<br><a href=\"https:\/\/archive.iai.int\/admin\/site\/sites\/default\/files\/uploads\/iai-cop-26-16-s.pdf\" target=\"_blank\" rel=\"noreferrer noopener\">espa\u00f1ol<\/a>&nbsp;\u2013&nbsp;<a href=\"https:\/\/archive.iai.int\/admin\/site\/sites\/default\/files\/uploads\/iai-cop-26-16-e.pdf\" target=\"_blank\" rel=\"noreferrer noopener\">ingl\u00e9s<\/a><\/td><\/tr><tr><td>17.<\/td><td>&nbsp;<\/td><td>Ciencia-pol\u00edtica<\/td><td>IAI\/COP\/26\/17<br><a href=\"https:\/\/archive.iai.int\/admin\/site\/sites\/default\/files\/uploads\/iai-cop-26-17-s.pdf\" target=\"_blank\" rel=\"noreferrer noopener\">espa\u00f1ol<\/a>&nbsp;\u2013&nbsp;<a href=\"https:\/\/archive.iai.int\/admin\/site\/sites\/default\/files\/uploads\/iai-cop-26-17-e.pdf\" target=\"_blank\" rel=\"noreferrer noopener\">ingl\u00e9s<\/a><\/td><\/tr><tr><td>18.<\/td><td>&nbsp;<\/td><td>Comunicaci\u00f3n y divulgaci\u00f3n<\/td><td>&nbsp;<\/td><\/tr><tr><td>&nbsp;<\/td><td>a.<\/td><td>Decisi\u00f3n XXV\/23: Estrategia y plan de comunicaci\u00f3n de largo plazo<\/td><td>IAI\/COP\/26\/18a<br><a href=\"https:\/\/archive.iai.int\/admin\/site\/sites\/default\/files\/uploads\/iai-cop-26-18a-s.pdf\" target=\"_blank\" rel=\"noreferrer noopener\">espa\u00f1ol<\/a>&nbsp;\u2013&nbsp;<a href=\"https:\/\/archive.iai.int\/admin\/site\/sites\/default\/files\/uploads\/iai-cop-26-18a-e.pdf\" target=\"_blank\" rel=\"noreferrer noopener\">ingl\u00e9s<\/a><\/td><\/tr><tr><td>&nbsp;<\/td><td>b.<\/td><td>Decisi\u00f3n XXV\/26: Folleto de divulgaci\u00f3n del IAI<\/td><td>IAI\/COP\/26\/18b<br><a href=\"https:\/\/archive.iai.int\/admin\/site\/sites\/default\/files\/uploads\/iai-cop-26-18b-s.pdf\" target=\"_blank\" rel=\"noreferrer noopener\">espa\u00f1ol<\/a>&nbsp;\u2013&nbsp;<a href=\"https:\/\/archive.iai.int\/admin\/site\/sites\/default\/files\/uploads\/iai-cop-26-18b-e.pdf\" target=\"_blank\" rel=\"noreferrer noopener\">ingl\u00e9s<\/a><\/td><\/tr><tr><td>&nbsp;<\/td><td>c.<\/td><td>Decisi\u00f3n XXV\/28: Fortalecimiento de la capacidad de comunicaci\u00f3n de la ciencia<br>en los proyectos cient\u00edficos del IAI<\/td><td>IAI\/COP\/26\/18c<br><a href=\"https:\/\/archive.iai.int\/admin\/site\/sites\/default\/files\/uploads\/iai-cop-26-18c-s.pdf\" target=\"_blank\" rel=\"noreferrer noopener\">espa\u00f1ol<\/a>&nbsp;\u2013&nbsp;<a href=\"https:\/\/archive.iai.int\/admin\/site\/sites\/default\/files\/uploads\/iai-cop-26-18c-e.pdf\" target=\"_blank\" rel=\"noreferrer noopener\">ingl\u00e9s<\/a><\/td><\/tr><tr><td>&nbsp;<\/td><td>d.<\/td><td>Decisi\u00f3n XXV\/29: Publicaci\u00f3n del 25to aniversario<\/td><td>IAI\/COP\/26\/18d<br><a href=\"https:\/\/archive.iai.int\/admin\/site\/sites\/default\/files\/uploads\/iai-cop-26-18d-s.pdf\" target=\"_blank\" rel=\"noreferrer noopener\">espa\u00f1ol<\/a>&nbsp;\u2013&nbsp;<a href=\"https:\/\/archive.iai.int\/admin\/site\/sites\/default\/files\/uploads\/iai-cop-26-18d-e.pdf\" target=\"_blank\" rel=\"noreferrer noopener\">ingl\u00e9s<\/a><\/td><\/tr><tr><td>19.<\/td><td>&nbsp;<\/td><td>Captaci\u00f3n de fondos<\/td><td>&nbsp;<\/td><\/tr><tr><td>&nbsp;<\/td><td>a.<\/td><td>Decisi\u00f3n XXV\/24: Estrategia de financiamiento de largo plazo<\/td><td>IAI\/COP\/26\/19a<br><a href=\"https:\/\/archive.iai.int\/admin\/site\/sites\/default\/files\/uploads\/iai-cop-26-19a-s.pdf\" target=\"_blank\" rel=\"noreferrer noopener\">espa\u00f1ol<\/a>&nbsp;\u2013&nbsp;<a href=\"https:\/\/archive.iai.int\/admin\/site\/sites\/default\/files\/uploads\/iai-cop-26-19a-e.pdf\" target=\"_blank\" rel=\"noreferrer noopener\">ingl\u00e9s<\/a><\/td><\/tr><tr><td>&nbsp;<\/td><td>b.<\/td><td>Decisi\u00f3n XXV\/27: Participaci\u00f3n en el evento \u201cBelmont Forum Americas Information Days\u201d<\/td><td>IAI\/COP\/26\/19b<br><a href=\"https:\/\/archive.iai.int\/admin\/site\/sites\/default\/files\/uploads\/iai-cop-26-19b-s.pdf\" target=\"_blank\" rel=\"noreferrer noopener\">espa\u00f1ol<\/a>&nbsp;\u2013&nbsp;<a href=\"https:\/\/archive.iai.int\/admin\/site\/sites\/default\/files\/uploads\/iai-cop-26-19b-e.pdf\" target=\"_blank\" rel=\"noreferrer noopener\">ingl\u00e9s<\/a><\/td><\/tr><tr><td>&nbsp;<\/td><td>c.<\/td><td>Decisi\u00f3n XXV\/31: Informe del Director Ejecutivo a la CoP sobre actividades de captaci\u00f3n de fondos<\/td><td>IAI\/COP\/26\/19c<br><a href=\"https:\/\/archive.iai.int\/admin\/site\/sites\/default\/files\/uploads\/iai-cop-26-19c-s.pdf\" target=\"_blank\" rel=\"noreferrer noopener\">espa\u00f1ol<\/a>&nbsp;\u2013&nbsp;<a href=\"https:\/\/archive.iai.int\/admin\/site\/sites\/default\/files\/uploads\/iai-cop-26-19c-e.pdf\" target=\"_blank\" rel=\"noreferrer noopener\">ingl\u00e9s<\/a><\/td><\/tr><tr><td>&nbsp;<\/td><td>d.<br>&nbsp;<\/td><td>Sesi\u00f3n de donantes y contribuciones de las Partes<br>(actividades program\u00e1ticas y de proyectos, presupuesto operativo, cooperaci\u00f3n internacional)<\/td><td>IAI\/COP\/26\/19d<br><a href=\"https:\/\/archive.iai.int\/admin\/site\/sites\/default\/files\/uploads\/iai-cop-26-19d-s.pdf\" target=\"_blank\" rel=\"noreferrer noopener\">espa\u00f1ol<\/a>&nbsp;\u2013&nbsp;<a href=\"https:\/\/archive.iai.int\/admin\/site\/sites\/default\/files\/uploads\/iai-cop-26-19d-e.pdf\" target=\"_blank\" rel=\"noreferrer noopener\">ingl\u00e9s<\/a><\/td><\/tr><tr><td>20.<\/td><td>&nbsp;<\/td><td>Datos e informaci\u00f3n<\/td><td>IAI\/COP\/26\/20<br><a href=\"https:\/\/archive.iai.int\/admin\/site\/sites\/default\/files\/uploads\/iai-cop-26-20-s.pdf\" target=\"_blank\" rel=\"noreferrer noopener\">espa\u00f1ol<\/a>&nbsp;\u2013&nbsp;<a href=\"https:\/\/archive.iai.int\/admin\/site\/sites\/default\/files\/uploads\/iai-cop-26-20-e.pdf\" target=\"_blank\" rel=\"noreferrer noopener\">ingl\u00e9s<\/a><\/td><\/tr><tr><td>&nbsp;<\/td><td>a.<\/td><td>Decisi\u00f3n XXV\/6: Pol\u00edtica y principios de datos abiertos<\/td><td>IAI\/COP\/26\/20a<br><a href=\"https:\/\/archive.iai.int\/admin\/site\/sites\/default\/files\/uploads\/iai-cop-26-20a-s.pdf\" target=\"_blank\" rel=\"noreferrer noopener\">espa\u00f1ol<\/a>&nbsp;\u2013&nbsp;<a href=\"https:\/\/archive.iai.int\/admin\/site\/sites\/default\/files\/uploads\/iai-cop-26-20a-e.pdf\" target=\"_blank\" rel=\"noreferrer noopener\">ingl\u00e9s<\/a><\/td><\/tr><tr><td>&nbsp;<\/td><td>b.<\/td><td>Decisi\u00f3n XXV\/21: Fichas informativas de los Pa\u00edses Miembros<\/td><td>IAI\/COP\/26\/20b<br><a href=\"https:\/\/archive.iai.int\/admin\/site\/sites\/default\/files\/uploads\/iai-cop-26-20b-s.pdf\" target=\"_blank\" rel=\"noreferrer noopener\">espa\u00f1ol<\/a>&nbsp;\u2013&nbsp;<a href=\"https:\/\/archive.iai.int\/admin\/site\/sites\/default\/files\/uploads\/iai-cop-26-20b-e.pdf\" target=\"_blank\" rel=\"noreferrer noopener\">ingl\u00e9s<\/a><\/td><\/tr><tr><td>&nbsp;<\/td><td>c.<\/td><td>Decisi\u00f3n XXV\/22: Acceso a documentos oficiales del IAI<\/td><td>IAI\/COP\/26\/20c<br><a href=\"https:\/\/archive.iai.int\/admin\/site\/sites\/default\/files\/uploads\/iai-cop-26-20c-s.pdf\" target=\"_blank\" rel=\"noreferrer noopener\">espa\u00f1ol<\/a>&nbsp;\u2013&nbsp;<a href=\"https:\/\/archive.iai.int\/admin\/site\/sites\/default\/files\/uploads\/iai-cop-26-20c-e.pdf\" target=\"_blank\" rel=\"noreferrer noopener\">ingl\u00e9s<\/a><\/td><\/tr><tr><td colspan=\"4\"><strong>Jueves 21 de junio, 2a sesi\u00f3n vespertina (3:45-5:00)<\/strong><\/td><\/tr><tr><td>&nbsp;<\/td><td>&nbsp;<\/td><td><strong>Elecciones<\/strong><\/td><td>&nbsp;<\/td><\/tr><tr><td>21.<\/td><td>&nbsp;<\/td><td>Elecci\u00f3n de miembros del CE<\/td><td>IAI\/COP\/26\/21<br><a href=\"https:\/\/archive.iai.int\/admin\/site\/sites\/default\/files\/uploads\/iai-cop-26-21-s.pdf\" target=\"_blank\" rel=\"noreferrer noopener\">espa\u00f1ol<\/a>&nbsp;\u2013&nbsp;<a href=\"https:\/\/archive.iai.int\/admin\/site\/sites\/default\/files\/uploads\/iai-cop-26-21-e.pdf\" target=\"_blank\" rel=\"noreferrer noopener\">ingl\u00e9s<\/a><br>Documento remitido por<br>la Presidente del CE<\/td><\/tr><tr><td>22.<\/td><td>&nbsp;<\/td><td>Elecci\u00f3n de miembros del SAC<\/td><td>IAI\/COP\/26\/22<br><a href=\"https:\/\/archive.iai.int\/admin\/site\/sites\/default\/files\/uploads\/iai-cop-26-22-s.pdf\" target=\"_blank\" rel=\"noreferrer noopener\">espa\u00f1ol<\/a>&nbsp;\u2013&nbsp;<a href=\"https:\/\/archive.iai.int\/admin\/site\/sites\/default\/files\/uploads\/iai-cop-26-22-e.pdf\" target=\"_blank\" rel=\"noreferrer noopener\">ingl\u00e9s<\/a><br>Documento remitido por<br>el Presidente del SAC<\/td><\/tr><tr><td>23.<\/td><td>&nbsp;<\/td><td>Elecci\u00f3n de miembros del SPAC<\/td><td>IAI\/COP\/26\/23<br><a href=\"https:\/\/archive.iai.int\/admin\/site\/sites\/default\/files\/uploads\/iai-cop-26-23-s.pdf\" target=\"_blank\" rel=\"noreferrer noopener\">espa\u00f1ol<\/a>&nbsp;\u2013&nbsp;<a href=\"https:\/\/archive.iai.int\/admin\/site\/sites\/default\/files\/uploads\/iai-cop-26-23-e.pdf\" target=\"_blank\" rel=\"noreferrer noopener\">ingl\u00e9s<\/a><br>Documento remitido por<br>el Presidente del SPAC<\/td><\/tr><tr><td>&nbsp;<\/td><td>&nbsp;<\/td><td><strong>Temas pendientes y clausura de la reuni\u00f3n<\/strong><\/td><td>&nbsp;<\/td><\/tr><tr><td>24.<\/td><td>&nbsp;<\/td><td>Aprobaci\u00f3n de las recomendaciones del CE-45<\/td><td>IAI\/COP\/26\/Conf1<\/td><\/tr><tr><td>25.<\/td><td>&nbsp;<\/td><td>Aprobaci\u00f3n del Presupuesto Operativo y las Contribuciones de los Pa\u00edses para el AF 2018-2019<\/td><td>IAI\/COP\/26\/Conf2<\/td><\/tr><tr><td>26.<\/td><td>&nbsp;<\/td><td>Determinaci\u00f3n de la fecha y lugar de la pr\u00f3xima reuni\u00f3n ordinaria de la Conferencia de las Partes<\/td><td>Sin documento<\/td><\/tr><tr><td>27.<\/td><td>&nbsp;<\/td><td>Aprobaci\u00f3n de las Decisiones de los d\u00edas 1 y 2<\/td><td>IAI\/COP\/26\/Conf3<\/td><\/tr><tr><td>28.<\/td><td>&nbsp;<\/td><td>Discursos de clausura (Gobierno Anfitri\u00f3n, Partes, Observadores, Direcci\u00f3n Ejecutiva del IAI)<\/td><td>Sin documento<\/td><\/tr><\/tbody><\/table><\/figure>\n\n\n\n<p><\/p>\n\n\n\n<h2 class=\"wp-block-heading\">Documentos informativos<\/h2>\n\n\n\n<figure class=\"wp-block-table\"><table><tbody><tr><th class=\"has-text-align-left\" data-align=\"left\">T\u00edtulo<\/th><th class=\"has-text-align-left\" data-align=\"left\">N\u00famero<\/th><th class=\"has-text-align-left\" data-align=\"left\"><\/th><\/tr><tr><td>\u2013 Declaraciones sobre la pol\u00edtica de intercambio de datos (CoP 2 del IAI)<\/td><td>IAI\/COP\/26\/Info.1<\/td><td><a href=\"https:\/\/archive.iai.int\/admin\/site\/sites\/default\/files\/uploads\/info1-cop26-s.pdf\">espa\u00f1ol<\/a>&nbsp;\u2013&nbsp;<a href=\"https:\/\/archive.iai.int\/admin\/site\/sites\/default\/files\/uploads\/info1-cop26-e.pdf\" target=\"_blank\" rel=\"noreferrer noopener\">ingl\u00e9s<\/a><\/td><\/tr><tr><td>\u2013 Pol\u00edtica y principios del Foro Belmont sobre el uso de datos<\/td><td>IAI\/COP\/26\/Info.2<\/td><td><a href=\"https:\/\/archive.iai.int\/admin\/site\/sites\/default\/files\/uploads\/info2-cop26.pdf\" target=\"_blank\" rel=\"noreferrer noopener\">ingl\u00e9s<\/a><\/td><\/tr><tr><td>\u2013 Pol\u00edtica de datos abiertos (Center for International Earth Science<br>Information Network (CIESIN), Columbia University)<\/td><td>IAI\/COP\/26\/Info.3<\/td><td><a href=\"https:\/\/archive.iai.int\/admin\/site\/sites\/default\/files\/uploads\/info3-cop26.pdf\" target=\"_blank\" rel=\"noreferrer noopener\">ingl\u00e9s<\/a><\/td><\/tr><tr><td>\u2013 Informe sobre las redes sociales durante la COP-23 CMNUCC<\/td><td>IAI\/COP\/26\/Info.4<\/td><td><a href=\"https:\/\/archive.iai.int\/admin\/site\/sites\/default\/files\/uploads\/info4-cop26.pdf\" target=\"_blank\" rel=\"noreferrer noopener\">ingl\u00e9s<\/a><\/td><\/tr><tr><td>\u2013 Reglamento de la Conferencia de las Partes del IAI<\/td><td>IAI\/COP\/26\/Info.5<\/td><td><a href=\"https:\/\/archive.iai.int\/admin\/site\/sites\/default\/files\/uploads\/info5-cop26-s.pdf\" target=\"_blank\" rel=\"noreferrer noopener\">espa\u00f1ol<\/a>&nbsp;\u2013&nbsp;<a href=\"https:\/\/archive.iai.int\/admin\/site\/sites\/default\/files\/uploads\/info5-cop26-e.pdf\" target=\"_blank\" rel=\"noreferrer noopener\">ingl\u00e9s<\/a><\/td><\/tr><tr><td>\u2013 Convocatoria a prepropuestas del Programa de Peque\u00f1os Subsidios con Cofinanciamiento:<br>El papel de los servicios ecosist\u00e9micos en la adaptaci\u00f3n al cambio global<br>para el bienestar humano (SGP-HW)<\/td><td>IAI\/COP\/26\/Info.6<\/td><td><a href=\"https:\/\/archive.iai.int\/admin\/site\/sites\/default\/files\/uploads\/info6-cop26-s.pdf\" target=\"_blank\" rel=\"noreferrer noopener\">espa\u00f1ol<\/a>&nbsp;\u2013&nbsp;<a href=\"https:\/\/archive.iai.int\/admin\/site\/sites\/default\/files\/uploads\/info6-cop26-e.pdf\" target=\"_blank\" rel=\"noreferrer noopener\">ingl\u00e9s<\/a><\/td><\/tr><tr><td>\u2013 Curso abierto en l\u00ednea del IAI sobre los Impactos del cambio clim\u00e1tico en Am\u00e9rica latina<\/td><td>IAI\/COP\/26\/Info.7<\/td><td><a href=\"https:\/\/archive.iai.int\/admin\/site\/sites\/default\/files\/uploads\/info7-cop26-s.pdf\" target=\"_blank\" rel=\"noreferrer noopener\">espa\u00f1ol<\/a><\/td><\/tr><tr><td>\u2013 Mandato del Comit\u00e9 Financiero y Administrativo<\/td><td>IAI\/COP\/26\/Info.8<\/td><td><a href=\"https:\/\/archive.iai.int\/admin\/site\/sites\/default\/files\/uploads\/info8-cop26-s.pdf\" target=\"_blank\" rel=\"noreferrer noopener\">espa\u00f1ol<\/a>&nbsp;\u2013&nbsp;<a href=\"https:\/\/archive.iai.int\/admin\/site\/sites\/default\/files\/uploads\/info8-cop26-e.pdf\" target=\"_blank\" rel=\"noreferrer noopener\">ingl\u00e9s<\/a><\/td><\/tr><tr><td>\u2013 N\u00famero especial sobre el CRN3 en una revista con referato: Plan borrador<\/td><td>IAI\/COP\/26\/Info.9<\/td><td><a href=\"https:\/\/archive.iai.int\/admin\/site\/sites\/default\/files\/uploads\/info9-cop26-e.pdf\" target=\"_blank\" rel=\"noreferrer noopener\">ingl\u00e9s<\/a><\/td><\/tr><tr><td>\u2013 Proyectos semilla sobre enfoques transdisciplinarios<\/td><td>IAI\/COP\/26\/Info.10<\/td><td><a href=\"https:\/\/archive.iai.int\/admin\/site\/sites\/default\/files\/uploads\/info10-cop26-e.pdf\" target=\"_blank\" rel=\"noreferrer noopener\">ingl\u00e9s<\/a><\/td><\/tr><tr><td>\u2013 CMNUCC OSACT 48a sesi\u00f3n, Investigaci\u00f3n y observaci\u00f3n sistem\u00e1tica,<br>Proyecto de conclusiones propuesto por la Presidencia<\/td><td>IAI\/COP\/26\/Info.11<\/td><td><a href=\"https:\/\/archive.iai.int\/admin\/site\/sites\/default\/files\/uploads\/info11-cop26-s.pdf\" target=\"_blank\" rel=\"noreferrer noopener\">espa\u00f1ol<\/a>&nbsp;\u2013&nbsp;<a href=\"https:\/\/archive.iai.int\/admin\/site\/sites\/default\/files\/uploads\/info11-cop26-e.pdf\" target=\"_blank\" rel=\"noreferrer noopener\">ingl\u00e9s<\/a><\/td><\/tr><tr><td>\u2013 Informe de la reuni\u00f3n de investigadores del CRN3: Resultados y logros<\/td><td>IAI\/COP\/26\/Info.12<\/td><td><a href=\"https:\/\/archive.iai.int\/admin\/site\/sites\/default\/files\/uploads\/info12-cop26-s.pdf\" target=\"_blank\" rel=\"noreferrer noopener\">espa\u00f1ol<\/a>&nbsp;\u2013&nbsp;<a href=\"https:\/\/archive.iai.int\/admin\/site\/sites\/default\/files\/uploads\/info12-cop26-e.pdf\" target=\"_blank\" rel=\"noreferrer noopener\">ingl\u00e9s<\/a><\/td><\/tr><tr><td>\u2013 Convocatoria a res\u00famenes ampliados<\/td><td>IAI\/COP\/26\/Info.13<\/td><td><a href=\"https:\/\/archive.iai.int\/admin\/site\/sites\/default\/files\/uploads\/info13-cop26-e.pdf\" target=\"_blank\" rel=\"noreferrer noopener\">ingl\u00e9s<\/a><\/td><\/tr><tr><td>\u2013 Cambio clim\u00e1tico, tiempo y calidad del aire en Santiago, Buenos Aires y S\u00e3o Paulo<\/td><td>IAI\/COP\/26\/Info.14<\/td><td><a href=\"https:\/\/archive.iai.int\/admin\/site\/sites\/default\/files\/uploads\/info14-cop26-e.pdf\" target=\"_blank\" rel=\"noreferrer noopener\">ingl\u00e9s<\/a><\/td><\/tr><tr><td>\u2013 Compilaci\u00f3n de las Decisiones de la Conferencia de las Partes<\/td><td>IAI\/COP\/26\/Info.15<\/td><td><a href=\"https:\/\/archive.iai.int\/admin\/site\/sites\/default\/files\/uploads\/info15-cop26-s.pdf\" target=\"_blank\" rel=\"noreferrer noopener\">espa\u00f1ol<\/a>&nbsp;\u2013&nbsp;<a href=\"https:\/\/archive.iai.int\/admin\/site\/sites\/default\/files\/uploads\/info15-cop26-e.pdf\" target=\"_blank\" rel=\"noreferrer noopener\">ingl\u00e9s<\/a><\/td><\/tr><tr><td>\u2013 Presentaci\u00f3n de Argentina, Brasil y Uruguay sobre los posibles temas y consideraciones<br>para la d\u00e9cima reuni\u00f3n sobre la investigaci\u00f3n a celebrarse en conjunto con el OSACT 48<\/td><td>IAI\/COP\/26\/Info.16<\/td><td><a href=\"https:\/\/archive.iai.int\/admin\/site\/sites\/default\/files\/uploads\/info16-cop26-e.pdf\" target=\"_blank\" rel=\"noreferrer noopener\">ingl\u00e9s<\/a><\/td><\/tr><\/tbody><\/table><\/figure>\n\n\n\n<p><\/p>\n\n\n\n<h2 class=\"wp-block-heading\">Decisiones<\/h2>\n\n\n\n<p><strong>Decisiones adoptadas en la 26a reuni\u00f3n de la Conferencia de las Partes del Instituto Interamericano para la Investigaci\u00f3n del Cambio Global<\/strong><\/p>\n\n\n\n<p><a href=\"https:\/\/archive.iai.int\/admin\/site\/sites\/default\/files\/uploads\/cop-26-dec-s.pdf\" target=\"_blank\" rel=\"noreferrer noopener\">espa\u00f1ol<\/a>&nbsp;\u2013&nbsp;<a href=\"https:\/\/archive.iai.int\/admin\/site\/sites\/default\/files\/uploads\/cop-26-dec-e.pdf\" target=\"_blank\" rel=\"noreferrer noopener\">ingl\u00e9s<\/a><\/p>\n\n\n\n<p><\/p>\n\n\n\n<h2 class=\"wp-block-heading\">Notificaciones<\/h2>\n\n\n\n<p><strong>Resultados de la 26a Reuni\u00f3n de la Conferencia de las Partes del IAI<\/strong>&nbsp;<a href=\"https:\/\/archive.iai.int\/admin\/site\/sites\/default\/files\/uploads\/nt-2018-12-sp.pdf\">espa\u00f1ol<\/a>&nbsp;\u2013&nbsp;<a href=\"https:\/\/archive.iai.int\/admin\/site\/sites\/default\/files\/uploads\/nt-2018-12-en.pdf\" target=\"_blank\" rel=\"noreferrer noopener\">ingl\u00e9s<\/a>, NT 2018\/12, 26 de junio de 2018 \/\/ Decisiones de la 26a Reuni\u00f3n de la Conferencia de las Partes,&nbsp;<a href=\"https:\/\/archive.iai.int\/admin\/site\/sites\/default\/files\/uploads\/cop-26-dec-s.pdf\" target=\"_blank\" rel=\"noreferrer noopener\">espa\u00f1ol<\/a>&nbsp;\u2013&nbsp;<a href=\"https:\/\/archive.iai.int\/admin\/site\/sites\/default\/files\/uploads\/cop-26-dec-e.pdf\">ingl\u00e9s<\/a><\/p>\n\n\n\n<p><strong>La 26a Reuni\u00f3n de la Conferencia de las Partes y los tr\u00e1gicos eventos acaecidos en Guatemala<\/strong>&nbsp;<a href=\"https:\/\/archive.iai.int\/admin\/site\/sites\/default\/files\/uploads\/nt-2018-011-sp.pdf\">espa\u00f1ol<\/a>&nbsp;\u2013&nbsp;<a href=\"https:\/\/archive.iai.int\/admin\/site\/sites\/default\/files\/uploads\/nt-2018-011-en.pdf\" target=\"_blank\" rel=\"noreferrer noopener\">ingl\u00e9s<\/a>, NT 2018\/11, 5 de junio de 2018<\/p>\n\n\n\n<p><strong>Sede de la 26a reuni\u00f3n de la Conferencia de las Partes y las 45a y 46a reuniones del Consejo Ejecutivo<\/strong>&nbsp;<a href=\"https:\/\/archive.iai.int\/admin\/site\/sites\/default\/files\/uploads\/nt-2018-010-sp.pdf\">espa\u00f1ol<\/a>&nbsp;\u2013&nbsp;<a href=\"https:\/\/archive.iai.int\/admin\/site\/sites\/default\/files\/uploads\/nt-2018-010-en.pdf\" target=\"_blank\" rel=\"noreferrer noopener\">ingl\u00e9s<\/a>, NT 2018\/010, 31 de mayo de 2018<\/p>\n\n\n\n<p><strong>Nominaciones para el Comit\u00e9 Asesor Cient\u00edfico (SAC) y el Comit\u00e9 Asesor de Ciencia y Pol\u00edticas (SPAC)<\/strong>&nbsp;<a href=\"https:\/\/archive.iai.int\/admin\/site\/sites\/default\/files\/uploads\/nt-2018-008-sp.pdf\" target=\"_blank\" rel=\"noreferrer noopener\">espa\u00f1ol<\/a>&nbsp;\u2013&nbsp;<a href=\"https:\/\/archive.iai.int\/admin\/site\/sites\/default\/files\/uploads\/nt-2018-008-en.pdf\" target=\"_blank\" rel=\"noreferrer noopener\">ingl\u00e9s<\/a>, NT2018\/008, 23 de mayo de 2018<\/p>\n\n\n\n<p><strong>26a Reuni\u00f3n de la Conferencia de las Partes 2018 y 45a y 46a Reuniones del Consejo Ejecutivo<\/strong>&nbsp;<a href=\"https:\/\/archive.iai.int\/admin\/site\/sites\/default\/files\/uploads\/nt-2018-007-sp.pdf\" target=\"_blank\" rel=\"noreferrer noopener\">espa\u00f1ol<\/a>&nbsp;\u2013&nbsp;<a href=\"https:\/\/archive.iai.int\/admin\/site\/sites\/default\/files\/uploads\/nt-2018-007-en.pdf\" target=\"_blank\" rel=\"noreferrer noopener\">ingl\u00e9s<\/a>, NT2018\/007, 16 de mayo de 2018<\/p>\n\n\n\n<p><strong>Invitaci\u00f3n a las Partes a presentar nominaciones de representantes del Comit\u00e9 Permanente de Reglas y Procedimientos&nbsp;<\/strong>(<a href=\"https:\/\/archive.iai.int\/admin\/site\/sites\/default\/files\/uploads\/nt-2018-003-sp.pdf\" target=\"_blank\" rel=\"noreferrer noopener\">espa\u00f1ol<\/a>&nbsp;\u2013&nbsp;<a href=\"https:\/\/archive.iai.int\/admin\/site\/sites\/default\/files\/uploads\/nt-2018-003-en.pdf\" target=\"_blank\" rel=\"noreferrer noopener\">ingl\u00e9s<\/a>), NT 2018\/003, 9 de febrero de 2018<\/p>\n\n\n\n<p><strong>Invitaci\u00f3n a las Partes a presentar nominaciones de representantes del Comit\u00e9 Financiero y Administrativo&nbsp;<\/strong><a href=\"https:\/\/archive.iai.int\/admin\/site\/sites\/default\/files\/uploads\/nt-2018-002-sp.pdf\" target=\"_blank\" rel=\"noreferrer noopener\">espa\u00f1ol<\/a>&nbsp;\u2013&nbsp;<a href=\"https:\/\/archive.iai.int\/admin\/site\/sites\/default\/files\/uploads\/nt-2018-002-en.pdf\" target=\"_blank\" rel=\"noreferrer noopener\">ingl\u00e9s<\/a>, NT 2018\/002, 29 de enero de 2018<\/p>\n\n\n\n<p><strong>Fecha y lugar de la 26a reuni\u00f3n de la Conferencia de las Partes 2018 y de las 45a y 46a reuniones del Consejo Ejecutivo<\/strong>&nbsp;<a href=\"https:\/\/archive.iai.int\/admin\/site\/sites\/default\/files\/uploads\/nt-2018-001-sp.pdf\" target=\"_blank\" rel=\"noreferrer noopener\">espa\u00f1ol<\/a>&nbsp;\u2013&nbsp;<a href=\"https:\/\/archive.iai.int\/admin\/site\/sites\/default\/files\/uploads\/nt-2018-001-en.pdf\" target=\"_blank\" rel=\"noreferrer noopener\">ingl\u00e9s<\/a>, NT 2018\/001, 18 de enero de 2018<\/p>\n\n\n\n<p><strong>La Direcci\u00f3n Ejecutiva del IAI ser\u00e1 sede de la Secretar\u00eda de Belmont Forum en Montevideo<\/strong>&nbsp;<a href=\"https:\/\/archive.iai.int\/admin\/site\/sites\/default\/files\/uploads\/nt-2017-003-sp.pdf\" target=\"_blank\" rel=\"noreferrer noopener\">espa\u00f1ol<\/a>&nbsp;\u2013&nbsp;<a href=\"https:\/\/archive.iai.int\/admin\/site\/sites\/default\/files\/uploads\/nt-2017-003-en.pdf\" target=\"_blank\" rel=\"noreferrer noopener\">ingl\u00e9s<\/a>, NT 2017\/003, 8 de noviembre de 2017<\/p>\n\n\n\n<p><\/p>\n\n\n\n<h2 class=\"wp-block-heading\">Prensa<\/h2>\n\n\n\n<p><strong>Comunicado de prensa: LA INVESTIGACI\u00d3N DEL CAMBIO GLOBAL, CLAVE PARA LA PREPARACI\u00d3N ANTE LOS RIESGOS EN LA REGI\u00d3N<\/strong><br><a href=\"https:\/\/archive.iai.int\/admin\/site\/sites\/default\/files\/uploads\/Comunicado-IAI-2.pdf\" target=\"_blank\" rel=\"noreferrer noopener\">espa\u00f1ol<\/a>&nbsp;\u2013&nbsp;<a href=\"https:\/\/archive.iai.int\/admin\/site\/sites\/default\/files\/uploads\/Comunicado-IAI-2-ingles.pdf\" target=\"_blank\" rel=\"noreferrer noopener\">ingl\u00e9s<\/a><\/p>\n\n\n\n<p><strong>Comunicado de prensa: GUATEMALA RE\u00daNE A M\u00c1S DE 50 EXPERTOS Y CIENT\u00cdFICOS EN EL TEMA DE CAMBIO CLIM\u00c1TICO<\/strong><a href=\"https:\/\/archive.iai.int\/admin\/site\/sites\/default\/files\/uploads\/Comunicado-IAI-REV-OCP-2-AL.pdf\" target=\"_blank\" rel=\"noreferrer noopener\">espa\u00f1ol<\/a>&nbsp;\u2013&nbsp;<a href=\"https:\/\/archive.iai.int\/admin\/site\/sites\/default\/files\/uploads\/Comunicado-IAI-REV-OCP-2-AL-eng.pdf\" target=\"_blank\" rel=\"noreferrer noopener\">ingl\u00e9s<\/a><\/p>\n\n\n\n<p><\/p>\n\n\n\n<h2 class=\"wp-block-heading\">Log\u00edstica<\/h2>\n\n\n\n<h4 class=\"wp-block-heading\"><\/h4>\n\n\n\n<p>La 26a reuni\u00f3n de la Conferencia de las Partes (COP-26) y las reuniones del Consejo Ejecutivo del IAI se celebrar\u00e1n desde el 19 al 22 de junio de 2018, en La Antigua Guatemala, Hotel Soleil La Antigua, Sala Zunil.<\/p>\n\n\n\n<p>El hotel se encuentra en la 9 Calle Poniente, Carretera a Ciudad Vieja.<\/p>\n\n\n\n<p>Este documento contiene informaci\u00f3n sobre alojamiento, transporte y otras informaciones \u00fatiles para su viaje a La Antigua.<\/p>\n\n\n\n<p><a href=\"https:\/\/archive.iai.int\/admin\/site\/sites\/default\/files\/uploads\/iai-cop-26-logistica-s.pdf\" target=\"_blank\" rel=\"noreferrer noopener\">Cliquee aqu\u00ed<\/a>&nbsp;o sobre la imagen a la izquierda para abrir el documento.<\/p>\n\n\n\n<p><\/p>\n\n\n\n<h2 class=\"wp-block-heading\">Participantes<\/h2>\n\n\n\n<p><strong>Lista de participantes de la 26a reuni\u00f3n de la Conferencia de las Partes del Instituto Interamericano para la Investigaci\u00f3n del Cambio Global<\/strong><br><a href=\"https:\/\/archive.iai.int\/admin\/site\/sites\/default\/files\/uploads\/List-of-Participants_CoP-26.pdf\" target=\"_blank\" rel=\"noreferrer noopener\">Clique aqu\u00ed<\/a><\/p>\n\n\n\n<p><\/p>\n\n\n\n<h2 class=\"wp-block-heading\">Informe final<\/h2>\n\n\n\n<p><strong>Informe de la 26a reuni\u00f3n de la Conferencia de las Partes del<br>Instituto Interamericano para la Investigaci\u00f3n del Cambio Global\u00a0<\/strong>(<a href=\"https:\/\/archive.iai.int\/admin\/site\/sites\/default\/files\/uploads\/cop-26-fnrpt-s.pdf\" target=\"_blank\" rel=\"noreferrer noopener\">IAI\/COP\/26\/FNRPT<\/a>)<\/p>\n\n\n\n<p><em>Comunicaci\u00f3n del Consejo Nacional de Ciencia y Tecnolog\u00eda (CONCYT) de Guatemala acerca de la erupci\u00f3n volc\u00e1nica, 5 de junio de 2018\u00a0<a href=\"https:\/\/archive.iai.int\/admin\/site\/sites\/default\/files\/SKM_C3850180605164400.pdf\" target=\"_blank\" rel=\"noreferrer noopener\">espa\u00f1ol<\/a><\/em><br><\/p>\n\n\n\n<p><\/p>\n\n\n\n<div style=\"height:44px\" aria-hidden=\"true\" class=\"wp-block-spacer\"><\/div>\n\n\n\n<p><strong><a href=\"https:\/\/iai.int\/es\/reuniones-ec-y-cop\/\">Regresar a Reuniones EC y COP<\/a><\/strong><\/p>\n\n\n\n<div style=\"height:44px\" aria-hidden=\"true\" class=\"wp-block-spacer\"><\/div>\n","protected":false},"excerpt":{"rendered":"<p>20-21 June 2018, Antigua, Guatemala Agenda y documentos de trabajo Informe de la reuni\u00f3n espa\u00f1ol&nbsp;\u2013&nbsp;ingl\u00e9s Agenda Provisional 26a reuni\u00f3n de la Conferencia de las Partes (CoP-26) del IAI20-21 de junio de 2018, Antigua, Guatemala Descargue todos los documentos de la CoP-26 en formato .zip espa\u00f1ol ingl\u00e9s Tema de agenda Documento (PDF) Mi\u00e9rcoles 20 de junio, [&hellip;]<\/p>\n","protected":false},"author":9,"featured_media":12462,"parent":0,"menu_order":0,"comment_status":"closed","ping_status":"closed","template":"","meta":{"_acf_changed":false,"_uag_custom_page_level_css":"","footnotes":""},"class_list":["post-12605","page","type-page","status-publish","has-post-thumbnail","hentry"],"acf":[],"yoast_head":"<!-- This site is optimized with the Yoast SEO plugin v27.3 - https:\/\/yoast.com\/product\/yoast-seo-wordpress\/ -->\n<title>26a reuni\u00f3n de la Conferencia de las Partes - IAI - Inter-American Institute for Global Change Research<\/title>\n<meta name=\"robots\" content=\"index, follow, max-snippet:-1, max-image-preview:large, max-video-preview:-1\" \/>\n<link rel=\"canonical\" href=\"https:\/\/iai.int\/es\/26a-reunion-de-la-conferencia-de-las-partes\/\" \/>\n<meta property=\"og:locale\" content=\"es_ES\" \/>\n<meta property=\"og:type\" content=\"article\" \/>\n<meta property=\"og:title\" content=\"26a reuni\u00f3n de la Conferencia de las Partes - IAI - Inter-American Institute for Global Change Research\" \/>\n<meta property=\"og:description\" content=\"20-21 June 2018, Antigua, Guatemala Agenda y documentos de trabajo Informe de la reuni\u00f3n espa\u00f1ol&nbsp;\u2013&nbsp;ingl\u00e9s Agenda Provisional 26a reuni\u00f3n de la Conferencia de las Partes (CoP-26) del IAI20-21 de junio de 2018, Antigua, Guatemala Descargue todos los documentos de la CoP-26 en formato .zip espa\u00f1ol ingl\u00e9s Tema de agenda Documento (PDF) Mi\u00e9rcoles 20 de junio, [&hellip;]\" \/>\n<meta property=\"og:url\" content=\"https:\/\/iai.int\/es\/26a-reunion-de-la-conferencia-de-las-partes\/\" \/>\n<meta property=\"og:site_name\" content=\"IAI - Inter-American Institute for Global Change Research\" \/>\n<meta property=\"article:modified_time\" content=\"2026-01-13T18:18:51+00:00\" \/>\n<meta property=\"og:image\" content=\"https:\/\/iai.int\/wp-content\/uploads\/2026\/01\/14.png\" \/>\n\t<meta property=\"og:image:width\" content=\"1772\" \/>\n\t<meta property=\"og:image:height\" content=\"551\" \/>\n\t<meta property=\"og:image:type\" content=\"image\/png\" \/>\n<meta name=\"twitter:card\" content=\"summary_large_image\" \/>\n<meta name=\"twitter:label1\" content=\"Tiempo de lectura\" \/>\n\t<meta name=\"twitter:data1\" content=\"10 minutos\" \/>\n<script type=\"application\/ld+json\" class=\"yoast-schema-graph\">{\"@context\":\"https:\\\/\\\/schema.org\",\"@graph\":[{\"@type\":\"WebPage\",\"@id\":\"https:\\\/\\\/iai.int\\\/es\\\/26a-reunion-de-la-conferencia-de-las-partes\\\/\",\"url\":\"https:\\\/\\\/iai.int\\\/es\\\/26a-reunion-de-la-conferencia-de-las-partes\\\/\",\"name\":\"26a reuni\u00f3n de la Conferencia de las Partes - IAI - Inter-American Institute for Global Change Research\",\"isPartOf\":{\"@id\":\"https:\\\/\\\/iai.int\\\/es\\\/#website\"},\"primaryImageOfPage\":{\"@id\":\"https:\\\/\\\/iai.int\\\/es\\\/26a-reunion-de-la-conferencia-de-las-partes\\\/#primaryimage\"},\"image\":{\"@id\":\"https:\\\/\\\/iai.int\\\/es\\\/26a-reunion-de-la-conferencia-de-las-partes\\\/#primaryimage\"},\"thumbnailUrl\":\"https:\\\/\\\/iai.int\\\/wp-content\\\/uploads\\\/2026\\\/01\\\/14.png\",\"datePublished\":\"2026-01-07T21:43:53+00:00\",\"dateModified\":\"2026-01-13T18:18:51+00:00\",\"breadcrumb\":{\"@id\":\"https:\\\/\\\/iai.int\\\/es\\\/26a-reunion-de-la-conferencia-de-las-partes\\\/#breadcrumb\"},\"inLanguage\":\"es\",\"potentialAction\":[{\"@type\":\"ReadAction\",\"target\":[\"https:\\\/\\\/iai.int\\\/es\\\/26a-reunion-de-la-conferencia-de-las-partes\\\/\"]}]},{\"@type\":\"ImageObject\",\"inLanguage\":\"es\",\"@id\":\"https:\\\/\\\/iai.int\\\/es\\\/26a-reunion-de-la-conferencia-de-las-partes\\\/#primaryimage\",\"url\":\"https:\\\/\\\/iai.int\\\/wp-content\\\/uploads\\\/2026\\\/01\\\/14.png\",\"contentUrl\":\"https:\\\/\\\/iai.int\\\/wp-content\\\/uploads\\\/2026\\\/01\\\/14.png\",\"width\":1772,\"height\":551},{\"@type\":\"BreadcrumbList\",\"@id\":\"https:\\\/\\\/iai.int\\\/es\\\/26a-reunion-de-la-conferencia-de-las-partes\\\/#breadcrumb\",\"itemListElement\":[{\"@type\":\"ListItem\",\"position\":1,\"name\":\"Portada\",\"item\":\"https:\\\/\\\/iai.int\\\/es\\\/\"},{\"@type\":\"ListItem\",\"position\":2,\"name\":\"26a reuni\u00f3n de la Conferencia de las Partes\"}]},{\"@type\":\"WebSite\",\"@id\":\"https:\\\/\\\/iai.int\\\/es\\\/#website\",\"url\":\"https:\\\/\\\/iai.int\\\/es\\\/\",\"name\":\"IAI - Inter-American Institute for Global Change Research\",\"description\":\"\",\"publisher\":{\"@id\":\"https:\\\/\\\/iai.int\\\/es\\\/#organization\"},\"potentialAction\":[{\"@type\":\"SearchAction\",\"target\":{\"@type\":\"EntryPoint\",\"urlTemplate\":\"https:\\\/\\\/iai.int\\\/es\\\/?s={search_term_string}\"},\"query-input\":{\"@type\":\"PropertyValueSpecification\",\"valueRequired\":true,\"valueName\":\"search_term_string\"}}],\"inLanguage\":\"es\"},{\"@type\":\"Organization\",\"@id\":\"https:\\\/\\\/iai.int\\\/es\\\/#organization\",\"name\":\"IAI - Inter-American Institute for Global Change Research\",\"url\":\"https:\\\/\\\/iai.int\\\/es\\\/\",\"logo\":{\"@type\":\"ImageObject\",\"inLanguage\":\"es\",\"@id\":\"https:\\\/\\\/iai.int\\\/es\\\/#\\\/schema\\\/logo\\\/image\\\/\",\"url\":\"https:\\\/\\\/iai.int\\\/wp-content\\\/uploads\\\/2025\\\/11\\\/IAI-logo-English-scaled.png\",\"contentUrl\":\"https:\\\/\\\/iai.int\\\/wp-content\\\/uploads\\\/2025\\\/11\\\/IAI-logo-English-scaled.png\",\"width\":2560,\"height\":985,\"caption\":\"IAI - Inter-American Institute for Global Change Research\"},\"image\":{\"@id\":\"https:\\\/\\\/iai.int\\\/es\\\/#\\\/schema\\\/logo\\\/image\\\/\"}}]}<\/script>\n<!-- \/ Yoast SEO plugin. -->","yoast_head_json":{"title":"26a reuni\u00f3n de la Conferencia de las Partes - IAI - Inter-American Institute for Global Change Research","robots":{"index":"index","follow":"follow","max-snippet":"max-snippet:-1","max-image-preview":"max-image-preview:large","max-video-preview":"max-video-preview:-1"},"canonical":"https:\/\/iai.int\/es\/26a-reunion-de-la-conferencia-de-las-partes\/","og_locale":"es_ES","og_type":"article","og_title":"26a reuni\u00f3n de la Conferencia de las Partes - IAI - Inter-American Institute for Global Change Research","og_description":"20-21 June 2018, Antigua, Guatemala Agenda y documentos de trabajo Informe de la reuni\u00f3n espa\u00f1ol&nbsp;\u2013&nbsp;ingl\u00e9s Agenda Provisional 26a reuni\u00f3n de la Conferencia de las Partes (CoP-26) del IAI20-21 de junio de 2018, Antigua, Guatemala Descargue todos los documentos de la CoP-26 en formato .zip espa\u00f1ol ingl\u00e9s Tema de agenda Documento (PDF) Mi\u00e9rcoles 20 de junio, [&hellip;]","og_url":"https:\/\/iai.int\/es\/26a-reunion-de-la-conferencia-de-las-partes\/","og_site_name":"IAI - Inter-American Institute for Global Change Research","article_modified_time":"2026-01-13T18:18:51+00:00","og_image":[{"width":1772,"height":551,"url":"https:\/\/iai.int\/wp-content\/uploads\/2026\/01\/14.png","type":"image\/png"}],"twitter_card":"summary_large_image","twitter_misc":{"Tiempo de lectura":"10 minutos"},"schema":{"@context":"https:\/\/schema.org","@graph":[{"@type":"WebPage","@id":"https:\/\/iai.int\/es\/26a-reunion-de-la-conferencia-de-las-partes\/","url":"https:\/\/iai.int\/es\/26a-reunion-de-la-conferencia-de-las-partes\/","name":"26a reuni\u00f3n de la Conferencia de las Partes - IAI - Inter-American Institute for Global Change Research","isPartOf":{"@id":"https:\/\/iai.int\/es\/#website"},"primaryImageOfPage":{"@id":"https:\/\/iai.int\/es\/26a-reunion-de-la-conferencia-de-las-partes\/#primaryimage"},"image":{"@id":"https:\/\/iai.int\/es\/26a-reunion-de-la-conferencia-de-las-partes\/#primaryimage"},"thumbnailUrl":"https:\/\/iai.int\/wp-content\/uploads\/2026\/01\/14.png","datePublished":"2026-01-07T21:43:53+00:00","dateModified":"2026-01-13T18:18:51+00:00","breadcrumb":{"@id":"https:\/\/iai.int\/es\/26a-reunion-de-la-conferencia-de-las-partes\/#breadcrumb"},"inLanguage":"es","potentialAction":[{"@type":"ReadAction","target":["https:\/\/iai.int\/es\/26a-reunion-de-la-conferencia-de-las-partes\/"]}]},{"@type":"ImageObject","inLanguage":"es","@id":"https:\/\/iai.int\/es\/26a-reunion-de-la-conferencia-de-las-partes\/#primaryimage","url":"https:\/\/iai.int\/wp-content\/uploads\/2026\/01\/14.png","contentUrl":"https:\/\/iai.int\/wp-content\/uploads\/2026\/01\/14.png","width":1772,"height":551},{"@type":"BreadcrumbList","@id":"https:\/\/iai.int\/es\/26a-reunion-de-la-conferencia-de-las-partes\/#breadcrumb","itemListElement":[{"@type":"ListItem","position":1,"name":"Portada","item":"https:\/\/iai.int\/es\/"},{"@type":"ListItem","position":2,"name":"26a reuni\u00f3n de la Conferencia de las Partes"}]},{"@type":"WebSite","@id":"https:\/\/iai.int\/es\/#website","url":"https:\/\/iai.int\/es\/","name":"IAI - Inter-American Institute for Global Change Research","description":"","publisher":{"@id":"https:\/\/iai.int\/es\/#organization"},"potentialAction":[{"@type":"SearchAction","target":{"@type":"EntryPoint","urlTemplate":"https:\/\/iai.int\/es\/?s={search_term_string}"},"query-input":{"@type":"PropertyValueSpecification","valueRequired":true,"valueName":"search_term_string"}}],"inLanguage":"es"},{"@type":"Organization","@id":"https:\/\/iai.int\/es\/#organization","name":"IAI - Inter-American Institute for Global Change Research","url":"https:\/\/iai.int\/es\/","logo":{"@type":"ImageObject","inLanguage":"es","@id":"https:\/\/iai.int\/es\/#\/schema\/logo\/image\/","url":"https:\/\/iai.int\/wp-content\/uploads\/2025\/11\/IAI-logo-English-scaled.png","contentUrl":"https:\/\/iai.int\/wp-content\/uploads\/2025\/11\/IAI-logo-English-scaled.png","width":2560,"height":985,"caption":"IAI - Inter-American Institute for Global Change Research"},"image":{"@id":"https:\/\/iai.int\/es\/#\/schema\/logo\/image\/"}}]}},"uagb_featured_image_src":{"full":["https:\/\/iai.int\/wp-content\/uploads\/2026\/01\/14.png",1772,551,false],"thumbnail":["https:\/\/iai.int\/wp-content\/uploads\/2026\/01\/14-150x150.png",150,150,true],"medium":["https:\/\/iai.int\/wp-content\/uploads\/2026\/01\/14-300x93.png",300,93,true],"medium_large":["https:\/\/iai.int\/wp-content\/uploads\/2026\/01\/14-768x239.png",768,239,true],"large":["https:\/\/iai.int\/wp-content\/uploads\/2026\/01\/14-1024x318.png",800,248,true],"1536x1536":["https:\/\/iai.int\/wp-content\/uploads\/2026\/01\/14-1536x478.png",1536,478,true],"2048x2048":["https:\/\/iai.int\/wp-content\/uploads\/2026\/01\/14.png",1772,551,false]},"uagb_author_info":{"display_name":"IAI Communication","author_link":"https:\/\/iai.int\/es\/author\/iai-communication\/"},"uagb_comment_info":0,"uagb_excerpt":"20-21 June 2018, Antigua, Guatemala Agenda y documentos de trabajo Informe de la reuni\u00f3n espa\u00f1ol&nbsp;\u2013&nbsp;ingl\u00e9s Agenda Provisional 26a reuni\u00f3n de la Conferencia de las Partes (CoP-26) del IAI20-21 de junio de 2018, Antigua, Guatemala Descargue todos los documentos de la CoP-26 en formato .zip espa\u00f1ol ingl\u00e9s Tema de agenda Documento (PDF) Mi\u00e9rcoles 20 de junio,&hellip;","_links":{"self":[{"href":"https:\/\/iai.int\/es\/wp-json\/wp\/v2\/pages\/12605","targetHints":{"allow":["GET"]}}],"collection":[{"href":"https:\/\/iai.int\/es\/wp-json\/wp\/v2\/pages"}],"about":[{"href":"https:\/\/iai.int\/es\/wp-json\/wp\/v2\/types\/page"}],"author":[{"embeddable":true,"href":"https:\/\/iai.int\/es\/wp-json\/wp\/v2\/users\/9"}],"replies":[{"embeddable":true,"href":"https:\/\/iai.int\/es\/wp-json\/wp\/v2\/comments?post=12605"}],"version-history":[{"count":5,"href":"https:\/\/iai.int\/es\/wp-json\/wp\/v2\/pages\/12605\/revisions"}],"predecessor-version":[{"id":13273,"href":"https:\/\/iai.int\/es\/wp-json\/wp\/v2\/pages\/12605\/revisions\/13273"}],"wp:featuredmedia":[{"embeddable":true,"href":"https:\/\/iai.int\/es\/wp-json\/wp\/v2\/media\/12462"}],"wp:attachment":[{"href":"https:\/\/iai.int\/es\/wp-json\/wp\/v2\/media?parent=12605"}],"curies":[{"name":"wp","href":"https:\/\/api.w.org\/{rel}","templated":true}]}}