{"version":"1.0","provider_name":"IAI - Inter-American Institute for Global Change Research","provider_url":"https:\/\/iai.int\/es\/","title":"Visiones comunitarias para un Dari\u00e9n sostenible (TF-002) - IAI - Inter-American Institute for Global Change Research","type":"rich","width":600,"height":338,"html":"<blockquote class=\"wp-embedded-content\" data-secret=\"qQd7z5YZGz\"><a href=\"https:\/\/iai.int\/es\/visiones-comunitarias-para-un-darien-sostenible-tf-002\/\">Visiones comunitarias para un Dari\u00e9n sostenible (TF-002)<\/a><\/blockquote><iframe sandbox=\"allow-scripts\" security=\"restricted\" src=\"https:\/\/iai.int\/es\/visiones-comunitarias-para-un-darien-sostenible-tf-002\/embed\/#?secret=qQd7z5YZGz\" width=\"600\" height=\"338\" title=\"\u00abVisiones comunitarias para un Dari\u00e9n sostenible (TF-002)\u00bb \u2014 IAI - Inter-American Institute for Global Change Research\" data-secret=\"qQd7z5YZGz\" frameborder=\"0\" marginwidth=\"0\" marginheight=\"0\" scrolling=\"no\" class=\"wp-embedded-content\"><\/iframe><script>\n\/*! This file is auto-generated *\/\n!function(d,l){\"use strict\";l.querySelector&&d.addEventListener&&\"undefined\"!=typeof URL&&(d.wp=d.wp||{},d.wp.receiveEmbedMessage||(d.wp.receiveEmbedMessage=function(e){var t=e.data;if((t||t.secret||t.message||t.value)&&!\/[^a-zA-Z0-9]\/.test(t.secret)){for(var s,r,n,a=l.querySelectorAll('iframe[data-secret=\"'+t.secret+'\"]'),o=l.querySelectorAll('blockquote[data-secret=\"'+t.secret+'\"]'),c=new RegExp(\"^https?:$\",\"i\"),i=0;i<o.length;i++)o[i].style.display=\"none\";for(i=0;i<a.length;i++)s=a[i],e.source===s.contentWindow&&(s.removeAttribute(\"style\"),\"height\"===t.message?(1e3<(r=parseInt(t.value,10))?r=1e3:~~r<200&&(r=200),s.height=r):\"link\"===t.message&&(r=new URL(s.getAttribute(\"src\")),n=new URL(t.value),c.test(n.protocol))&&n.host===r.host&&l.activeElement===s&&(d.top.location.href=t.value))}},d.addEventListener(\"message\",d.wp.receiveEmbedMessage,!1),l.addEventListener(\"DOMContentLoaded\",function(){for(var e,t,s=l.querySelectorAll(\"iframe.wp-embedded-content\"),r=0;r<s.length;r++)(t=(e=s[r]).getAttribute(\"data-secret\"))||(t=Math.random().toString(36).substring(2,12),e.src+=\"#?secret=\"+t,e.setAttribute(\"data-secret\",t)),e.contentWindow.postMessage({message:\"ready\",secret:t},\"*\")},!1)))}(window,document);\n\/\/# sourceURL=https:\/\/iai.int\/wp-includes\/js\/wp-embed.min.js\n<\/script>\n","thumbnail_url":"https:\/\/iai.int\/wp-content\/uploads\/2025\/12\/BosquesTropicales.jpeg","thumbnail_width":1600,"thumbnail_height":497,"description":"TF-002 SENACYT-IAI&nbsp; Visiones comunitarias para un Dari\u00e9n sostenible: apuntando a la conservaci\u00f3n de la biodiversidad y al desarrollo sostenible en la cuenca del&nbsp;&nbsp; R\u00edo Balsas en Panam\u00e1&nbsp;&nbsp; Investigadora principal (IP):&nbsp;Helene Muller-Landau,&nbsp;Smithsonian Tropical Research Institute, Panam\u00e1 E-mail:&nbsp;mullerh@si.edu Co IP:&nbsp;Juan Carlos Villarreal A.,&nbsp;Universit\u00e9 Laval, Canad\u00e1 E-mail:&nbsp;jcvil9@ulaval.ca Duraci\u00f3n y financiamiento:&nbsp; Junio 2025 \u2013 Junio 2026 USD 10.000&nbsp; Cofinanciamiento:&nbsp; [&hellip;]"}